{"id":68,"date":"2016-01-11T00:18:19","date_gmt":"2016-01-10T23:18:19","guid":{"rendered":"http:\/\/www.stowarzyszeniedarserca.org.pl\/?page_id=68"},"modified":"2018-12-01T16:54:45","modified_gmt":"2018-12-01T15:54:45","slug":"galeria","status":"publish","type":"page","link":"http:\/\/www.stowarzyszeniedarserca.org.pl\/index.php\/galeria\/","title":{"rendered":"Galeria"},"content":{"rendered":"<p>2018r.<\/p>\n<ul>\n<li><a href=\"https:\/\/plus.google.com\/108189460540998134830\/posts\/BmTWDqd8B1R\">Rodzinne warsztaty witra\u017cu metod\u0105 Tiffany&#8217;ego<\/a><\/li>\n<\/ul>\n<p>&nbsp;<\/p>\n<p>&nbsp;<\/p>\n<p><strong>2016r.<\/strong><\/p>\n<ul>\n<li><strong><span style=\"color: #33cccc;\"><a href=\"https:\/\/picasaweb.google.com\/108189460540998134830\/MamTalent03?authuser=0&amp;authkey=Gv1sRgCJy-6qbIidXGzAE&amp;feat=directlink\">Ferie &#8211; Mam talent<\/a><\/span><\/strong><\/li>\n<li><strong><span style=\"color: #33cccc;\"><a href=\"https:\/\/picasaweb.google.com\/108189460540998134830\/6Marca201602?authuser=0&amp;authkey=Gv1sRgCJKImK2L5LHNKA&amp;feat=directlink\">Ferie- Palmiarnia w Gliwicach<\/a><\/span><\/strong><\/li>\n<li><strong><span style=\"color: #33cccc;\"><a href=\"https:\/\/picasaweb.google.com\/108189460540998134830\/6Marca201603?authuser=0&amp;authkey=Gv1sRgCMzJyZr3soXXOA&amp;feat=directlink\">Ferie &#8211; Szko\u0142a Policji w Katowicach<\/a><\/span><\/strong><\/li>\n<li><strong><span style=\"color: #33cccc;\"><a href=\"https:\/\/picasaweb.google.com\/108189460540998134830\/6Marca201604?authkey=Gv1sRgCKW4x-275JCtzgE&amp;feat=directlink\">Ferie &#8211; \u015apiewa\u0107 ka\u017cdy mo\u017ce<\/a><\/span><\/strong><\/li>\n<li><strong><span style=\"color: #33cccc;\"><a href=\"https:\/\/picasaweb.google.com\/108189460540998134830\/6Marca201607?authuser=0&amp;authkey=Gv1sRgCMO-ms60krzHLg&amp;feat=directlink\">Ferie &#8211; Warsztaty w Miejskiej Bibliotece Publicznej<\/a><\/span><\/strong><\/li>\n<li><strong><span style=\"color: #33cccc;\"><a href=\"https:\/\/picasaweb.google.com\/108189460540998134830\/6Marca201606?authuser=0&amp;authkey=Gv1sRgCLL-oqO_-9qnYg&amp;feat=directlink\">Ferie &#8211; Warsztaty w PKZ<\/a><\/span><\/strong><\/li>\n<li><strong><span style=\"color: #33cccc;\"><a href=\"https:\/\/picasaweb.google.com\/108189460540998134830\/6Marca201605?authuser=0&amp;authkey=Gv1sRgCOjChMyYzsaEBQ&amp;feat=directlink\">Ferie &#8211; Wiklina papierowa<\/a><\/span><\/strong><\/li>\n<li><strong><span style=\"color: #33cccc;\"><a href=\"https:\/\/picasaweb.google.com\/108189460540998134830\/6Marca201608?authuser=0&amp;authkey=Gv1sRgCMTA-t7UzJeSoQE&amp;feat=directlink\">Ferie &#8211; Wizyta w Pizzeri<\/a><\/span><\/strong><\/li>\n<li><strong><span style=\"color: #33cccc;\"><a href=\"https:\/\/picasaweb.google.com\/108189460540998134830\/6Marca201609?authuser=0&amp;authkey=Gv1sRgCL6_yaC1l5zexAE&amp;feat=directlink\">Ferie &#8211; Wizyta w UM<\/a><\/span><\/strong><\/li>\n<li><strong><span style=\"color: #33cccc;\"><a href=\"https:\/\/picasaweb.google.com\/108189460540998134830\/KopalniaSrebra?authuser=0&amp;authkey=Gv1sRgCOzYy4CN6aLDeA&amp;feat=directlink\">Ferie &#8211; Wycieczka do Kopalni Srebra<\/a><\/span><\/strong><\/li>\n<\/ul>\n<p>&nbsp;<\/p>\n<p><strong>2015r. <\/strong><\/p>\n<ul>\n<li><strong><a href=\"https:\/\/picasaweb.google.com\/108189460540998134830\/21Stycznia2016?authuser=0&amp;authkey=Gv1sRgCOns3KP0_7CoSA&amp;feat=directlink\">Wigilia w \u015awietlicy<\/a><\/strong><\/li>\n<li><strong><a href=\"https:\/\/picasaweb.google.com\/108189460540998134830\/21Stycznia201603?authuser=0&amp;authkey=Gv1sRgCN2V99jK1_D8vAE&amp;feat=directlink\">Dzieci autorami \u015bwi\u0105tecznych kartek dla Policji<\/a><\/strong><\/li>\n<li><strong><a href=\"https:\/\/picasaweb.google.com\/108189460540998134830\/21Stycznia201602?authuser=0&amp;authkey=Gv1sRgCO7e963N1KnxwQE&amp;feat=directlink\">Miko\u0142aj Graj i Pomagaj<\/a><\/strong><\/li>\n<li><strong><a href=\"https:\/\/picasaweb.google.com\/108189460540998134830\/30Listopada2015?authuser=0&amp;authkey=Gv1sRgCNvZz_60leXKTA&amp;feat=directlink\">Zabawa Andrzejkowa<\/a><\/strong><\/li>\n<li><strong> <a href=\"https:\/\/picasaweb.google.com\/108189460540998134830\/30Listopada201503?authuser=0&amp;authkey=Gv1sRgCK7u-JLx-P2fiAE&amp;feat=directlink\"> Przygotowania kartek \u015bwi\u0105tecznych<\/a><\/strong><\/li>\n<li><strong> <a href=\"https:\/\/picasaweb.google.com\/108189460540998134830\/30Listopada201502?authuser=0&amp;authkey=Gv1sRgCK3qmOiRiobF_AE&amp;feat=directlink\"> Zielone gry o \u015brodowisku<\/a><\/strong><\/li>\n<li><strong> <a href=\"https:\/\/picasaweb.google.com\/108189460540998134830\/20Listopada201503?authuser=0&amp;authkey=Gv1sRgCJH5u_jLjpn0hwE&amp;feat=directlink\"> Choinki Jedynki<\/a><\/strong><\/li>\n<li><strong> <a href=\"https:\/\/picasaweb.google.com\/108189460540998134830\/20Listopada201502?authuser=0&amp;authkey=Gv1sRgCJqGk6ej-7KSYg&amp;feat=directlink\"> Warsztaty plastyczne &#8211; 5.11.2015r. <\/a><\/strong><\/li>\n<li><strong> <a href=\"https:\/\/picasaweb.google.com\/108189460540998134830\/20Listopada2015?authuser=0&amp;authkey=Gv1sRgCODhyJ7WpL6UDw&amp;feat=directlink\"> Audycja muzyczna<\/a><\/strong><\/li>\n<li><strong> <a href=\"https:\/\/picasaweb.google.com\/108189460540998134830\/24Lipca201503?authuser=0&amp;feat=directlink\"> Wakacyjna Akademia Rozmaito\u015bci: Wakacyjna przygoda w Ogrodzie Botanicznym w Zabrzu<\/a><\/strong><\/li>\n<li><strong> <a href=\"https:\/\/picasaweb.google.com\/108189460540998134830\/24Lipca201502?authuser=0&amp;feat=directlink\"> Wakacyjna Akademia Rozmaito\u015bci: Warsztaty Karaoke<\/a><\/strong><\/li>\n<li><strong> <a href=\"https:\/\/picasaweb.google.com\/108189460540998134830\/24Lipca2015?authuser=0&amp;feat=directlink\"> Wakacyjna Akademia Rozmaito\u015bci : Z wizyt\u0105 w Osikowej Dolinie<\/a><\/strong><\/li>\n<li><strong> <a href=\"https:\/\/picasaweb.google.com\/108189460540998134830\/23Lipca201502?authuser=0&amp;feat=directlink\"> Wakacyjna Akademia Rozmaito\u015bci : Objazdowe Planetarium<\/a><\/strong><\/li>\n<li><strong> <a href=\"https:\/\/picasaweb.google.com\/108189460540998134830\/PiknikSportowLetnich?authuser=0&amp;feat=directlink\">Wakacyjna Akademia Rozmaito\u015bci :Piknik Sport\u00f3w Letnich <\/a><\/strong><\/li>\n<li><strong> <a href=\"https:\/\/picasaweb.google.com\/108189460540998134830\/23Lipca2015?authuser=0&amp;feat=directlink\"> Wakacyjna Akademia Rozmaito\u015bci : Wycieczka do Ogrodu Do\u015bwiadcze\u0144 w Krakowie<\/a><\/strong><\/li>\n<li><strong> <a href=\"https:\/\/picasaweb.google.com\/108189460540998134830\/OlimpiadaSportowNiecodziennych02?authuser=0&amp;feat=directlink\">Wakacyjna Akademia Rozmaito\u015bci : Olimpiada Sport\u00f3w Niecodziennych<\/a><\/strong><\/li>\n<li><strong> <a href=\"https:\/\/picasaweb.google.com\/108189460540998134830\/23Lipca201503?authuser=0&amp;feat=directlink\"> Wakacyjna Akademia Rozmaito\u015bci : Kraina Przyja\u017ani w ogrodach Daisy<\/a><\/strong><\/li>\n<li><a href=\"https:\/\/picasaweb.google.com\/108189460540998134830\/6Lipca2015?authuser=0&amp;feat=directlink\"> <strong>Wakacyjna Akademia Rozmaito\u015bci : <\/strong> <strong>Przygoda podopiecznych Krainy Przyja\u017ani w Miejskiej Bibliotece Publicznej <\/strong><\/a><\/li>\n<li><strong> <a href=\"https:\/\/picasaweb.google.com\/108189460540998134830\/StrazPozarna?authuser=0&amp;feat=directlink\">Wakacyjna Akademia Rozmaito\u015bci : Wycieczka do Pa\u0144stwowej Stra\u017cy Po\u017carnej<\/a><\/strong><\/li>\n<li><strong> <a href=\"https:\/\/picasaweb.google.com\/108189460540998134830\/3Lipca2015?authuser=0&amp;feat=directlink\">Wakacyjna Akademia Rozmaito\u015bci : Wycieczka do Muzeum Chleba w Radzionkowie<\/a><\/strong><\/li>\n<li><strong> <a href=\"https:\/\/picasaweb.google.com\/108189460540998134830\/3Lipca201503?authuser=0&amp;feat=directlink\">Wakacyjna Akademia Rozmaito\u015bci\u00a0 : Interaktywna audycja muzyczna<\/a><\/strong><\/li>\n<li><strong> <a href=\"https:\/\/picasaweb.google.com\/108189460540998134830\/GryIZabawy?authuser=0&amp;feat=directlink\">Wakacyjna Akademia Rozmaito\u015bci: Warsztaty plastyczne<\/a><\/strong><\/li>\n<li><strong> <a href=\"https:\/\/picasaweb.google.com\/108189460540998134830\/SwietoRodziny?authuser=0&amp;feat=directlink\">\u015awi\u0119to Rodziny<\/a><\/strong><\/li>\n<li><strong> <a href=\"https:\/\/picasaweb.google.com\/108189460540998134830\/3Lipca201502?authuser=0&amp;feat=directlink\">Wycieczka Krainy Przyja\u017ani do Agroturystyki &#8222;Pod Ska\u0142k\u0105&#8221;<\/a><\/strong><\/li>\n<li><strong> <a href=\"https:\/\/plus.google.com\/photos\/108189460540998134830\/albums\/6142430785185225857?authkey=CNP93Y2K45Gi-AE\">Koncert charytatywny &#8211; Wy\u015bpiewamy Marzenia<\/a><\/strong><\/li>\n<li><strong> <a href=\"https:\/\/plus.google.com\/photos\/108189460540998134830\/albums\/6116105261865328049?authkey=CLjw-dKOztSVxgE\">Zimowa Akademia Rozmaito\u015bci :Gala Talent\u00f3w i zabawa karnawa\u0142owa<\/a><\/strong><\/li>\n<li><strong> <a href=\"https:\/\/plus.google.com\/photos\/108189460540998134830\/albums\/6116105927743913057?authkey=COzA1Zum-r3SaQ\">Zimowa Akademia Rozmaito\u015bci : Kraina Przyja\u017ani w kr\u0119gielni<\/a><\/strong><\/li>\n<li><strong> <a href=\"https:\/\/plus.google.com\/photos\/108189460540998134830\/albums\/6116107002404547137?authkey=CPi_4rnI0-StugE\">Zimowa Akademia Rozmaito\u015bci : Brrrr&#8230;zimno &#8211; spotkanie z Panem Korkiem<\/a><\/strong><\/li>\n<li><strong> <a href=\"https:\/\/plus.google.com\/photos\/108189460540998134830\/albums\/6116111040691393345?authkey=CN_46p_gr6aUXg\">Zimowa Akademia Rozmaito\u015bci : W kr\u00f3lestwie planet<\/a><\/strong><\/li>\n<li><strong> <a href=\"https:\/\/plus.google.com\/photos\/108189460540998134830\/albums\/6112705480724121425?authkey=COrclIWor8XvowE\">Zimowa Akademia Rozmaito\u015bci -\u015bwietlicowe rywalizacje<\/a><\/strong><\/li>\n<li><strong> <a href=\"https:\/\/plus.google.com\/photos\/108189460540998134830\/albums\/6112706304069603281?authkey=CJejtv773q-P4wE\">Zimowa Akademia Rozmaito\u015bci &#8211; odkrywamy na nowo Muzeum Miejskie Sztygarka<\/a><\/strong><\/li>\n<li><strong> <a href=\"https:\/\/plus.google.com\/photos\/108189460540998134830\/albums\/6112707021937656801?authkey=CP7IrPn7o5q68wE\">Bal Karnawa\u0142owy w Krainie Przyja\u017ani<\/a><\/strong><\/li>\n<\/ul>\n<p><strong>2014r. <\/strong><\/p>\n<ul>\n<li><b> <a href=\"https:\/\/plus.google.com\/photos\/108189460540998134830\/albums\/6087189927323251617?authkey=CO6K8rnPhf3NyAE\"> Andrzejki w Krainie Przyja\u017ani<\/a><\/b><\/li>\n<li><b> <a href=\"https:\/\/plus.google.com\/photos\/108189460540998134830\/albums\/6087188225000287633?authkey=COL7royiwMvJKg\"> Portret mojego kolegi- mojej kole\u017canki <\/a> <\/b><strong> <a href=\"https:\/\/plus.google.com\/photos\/108189460540998134830\/albums\/6087188225000287633?authkey=COL7royiwMvJKg\"> &#8211; warsztaty plastyczne<\/a><\/strong><\/li>\n<li><strong> <a href=\"https:\/\/plus.google.com\/photos\/108189460540998134830\/albums\/6087186682854532657?authkey=CMXoj9GrlO_ypwE\"> Akademia zdrowego dzieciaka<\/a><\/strong><\/li>\n<li><strong> <a href=\"https:\/\/plus.google.com\/photos\/108189460540998134830\/albums\/6086520885497012353?authkey=CLLWyaXmv8nm-gE\"> Interaktywna audycja muzyczna<\/a><\/strong><\/li>\n<li><strong> <a href=\"https:\/\/plus.google.com\/photos\/108189460540998134830\/albums\/6086518178053980561?authkey=CJ6K976Nv-WBIQ\"> Warsztaty plastyczne : Jesienna martwa natura<\/a><\/strong><\/li>\n<li><strong> <a href=\"https:\/\/plus.google.com\/photos\/108189460540998134830\/albums\/6078719614450247281?authkey=CLa985uM4Lj2-gE\"> Warsztaty Plastyczne : Akryl<\/a><\/strong><\/li>\n<li><strong> <a href=\"https:\/\/plus.google.com\/photos\/108189460540998134830\/albums\/6078716449674711265?authkey=CPyE9uvalNinSA\"> Warsztaty Plastyczne : Jesienne Impresje<\/a><\/strong><\/li>\n<li><strong> <a href=\"https:\/\/plus.google.com\/photos\/108189460540998134830\/albums\/6078715628035748657?authkey=CPKuhuvg0ZdB\"> Warsztaty Plastyczne : Jesienne Cuda w Krainie Przyja\u017ani<\/a><\/strong><\/li>\n<li><strong> <a href=\"https:\/\/plus.google.com\/photos\/108189460540998134830\/albums\/6078713097037048721?authkey=CM6ZlMK-xPDwSQ\"> Warsztaty Plastyczne : Jesienna Martwa Natura<\/a><\/strong><\/li>\n<li><strong> <a href=\"https:\/\/plus.google.com\/photos\/108189460540998134830\/albums\/6068295014855840225?authkey=CLzxzIaoj7bJpQE\"> Interaktywna audycja muzyczna<\/a><\/strong><\/li>\n<li><b> <a href=\"https:\/\/plus.google.com\/photos\/108189460540998134830\/albums\/6057400560973216097?authkey=CMrLiZqfs5fSkwE\"> Wyst\u0119p teatru muzycznego &#8222;Lira&#8221; ze Szko\u0142y Podstawowej nr 8 w D\u0105browie G\u00f3rniczej. Mali aktorzy zaprezentowali sztuk\u0119 ,, Ptaszki , ptaki, ptaszyska&#8221;.<\/a><\/b><\/li>\n<li><b> <a href=\"https:\/\/plus.google.com\/photos\/108189460540998134830\/albums\/6068301025876103185?authkey=CMjAw4rp3OTY_gE\"> Warsztaty plastyczne w Krainie Przyja\u017ani<\/a><\/b><\/li>\n<li><b> <a href=\"https:\/\/plus.google.com\/photos\/108189460540998134830\/albums\/6057405553869093265?authkey=COvg4Zv2p7L7Tw\">Stowarzyszenie DAR SERCA podczas Festiwalu Ludzi Aktywnych.<\/a><\/b><\/li>\n<li><b> <a href=\"https:\/\/plus.google.com\/photos\/108189460540998134830\/albums\/6041559266788598913?authkey=CNa1w5K64YrZYQ\">Wakacyjna Akademia Rozmaito\u015bci : Wycieczka do Zoo<\/a><\/b><\/li>\n<li><b> <a href=\"https:\/\/plus.google.com\/photos\/108189460540998134830\/albums\/6041561566992893329?authkey=CMOjvNPAiOqspAE\">Wakacyjna Akademia Rozmaito\u015bci : Wakacyjna Olimpiada Sportowa<\/a><\/b><\/li>\n<li><b> <a href=\"https:\/\/plus.google.com\/photos\/108189460540998134830\/albums\/6041562731347382881?authkey=CJiG8cXRro27zgE\">Wakacyjna Akademia Rozmaito\u015bci : Wycieczka do Ogrodzie\u0144ca<\/a><\/b><\/li>\n<li><b> <a href=\"https:\/\/plus.google.com\/photos\/108189460540998134830\/albums\/6041564775412759953?authkey=CP6S39j_jY3R8gE\">Wakacyjna Akademia Rozmaito\u015bci : Wycieczka do Mirowa<\/a><\/b><\/li>\n<li><b> <a href=\"https:\/\/plus.google.com\/photos\/108189460540998134830\/albums\/6041624544423915985?authkey=CJm0ueTukrC2Cw\">Wakacyjna Akademia Rozmaito\u015bci : Wycieczka do Miko\u0142owa<\/a><\/b><\/li>\n<li><b> <a href=\"https:\/\/plus.google.com\/photos\/108189460540998134830\/albums\/6041626634438546769?authkey=CJaEh_u1uMq0fA\">Wakacyjna Akademia Rozmaito\u015bci : Wycieczka do Kopalni Sztygarka<\/a><\/b><\/li>\n<li><b>Wakacyjna Akademia Rozmaito\u015bci : Wycieczka do Mini Zoo<\/b><\/li>\n<li><b> <a href=\"https:\/\/plus.google.com\/photos\/108189460540998134830\/albums\/6024717348224744625?authkey=CNir97Wc6cj2_AE\">Dzie\u0144 Dziecka w \u015bwietlicy<\/a><\/b><\/li>\n<li><b> <a href=\"https:\/\/picasaweb.google.com\/108189460540998134830\/BizuteriaDlaMamy?authuser=0&amp;feat=directlink\">Bi\u017cuteria dla MAMY<\/a><\/b><\/li>\n<li><b> <a href=\"https:\/\/picasaweb.google.com\/108189460540998134830\/KwiatyDlaNaszychMam?authuser=0&amp;feat=directlink\">Kwiaty dla naszych MAM<\/a><\/b><\/li>\n<li><b> <a href=\"https:\/\/picasaweb.google.com\/108189460540998134830\/SwietlicowyBazare?authuser=0&amp;feat=directlink\">\u015awietlicowy\u00a0 bazarek w Krainie Przyja\u017ani<\/a><\/b><\/li>\n<li><b> <a href=\"https:\/\/picasaweb.google.com\/108189460540998134830\/4Maja201403?authuser=0&amp;feat=directlink\">VI Regionalny Konkurs Origami &#8222;Ptaki&#8221; w SP nr 8<\/a><\/b><\/li>\n<li><b><a href=\"https:\/\/picasaweb.google.com\/108189460540998134830\/4Maja201402?authuser=0&amp;feat=directlink\">Warsztaty udzielania pierwszej pomocy w ,,KRAINIE PRZYJA\u0179NI\u2019\u2019.<\/a><\/b><\/li>\n<li><b> <a href=\"https:\/\/picasaweb.google.com\/108189460540998134830\/VIIPoMaratonDabrowski\">VII P\u00f3\u0142maraton D\u0105browski<\/a><\/b><\/li>\n<li><b> <a href=\"https:\/\/plus.google.com\/photos\/108189460540998134830\/albums\/5987776209547080817?authkey=CLSp4JLsjvSwPQ\">Bal karanwa\u0142owo &#8211; walentynkowy<\/a><\/b><\/li>\n<li><b> <a href=\"https:\/\/plus.google.com\/photos\/108189460540998134830\/albums\/5973690294711414065?authkey=CMO9r-KY1_ryCQ\"> Ferie 2014<\/a><\/b><\/li>\n<\/ul>\n<p><b> 2013r. <\/b><\/p>\n<ul>\n<li><b> <a href=\"https:\/\/plus.google.com\/photos\/108189460540998134830\/albums\/5973696190379588465?authkey=COfWoY_Mse7UrwE\">Wigilia w \u015bwietlicy \u015brodowiskowej<\/a><\/b><\/li>\n<li><b> <a href=\"https:\/\/plus.google.com\/photos\/108189460540998134830\/albums\/5956248334118553089\"> VII edycja Akcji Charytatywnej Graj i Pomagaj <\/a><\/b><\/li>\n<li><strong> <a href=\"https:\/\/plus.google.com\/photos\/108189460540998134830\/albums\/5955132419950330929?authkey=CJHQ-_7EhKLmRw\"> Z wizyt\u0105 w Urz\u0119dzie Stanu Cywilnego w D\u0105browie G\u00f3rniczej <\/a><\/strong><\/li>\n<li><strong> <a href=\"https:\/\/plus.google.com\/photos\/108189460540998134830\/albums\/5941038589367458273?authkey=CK2a9pjurcK3Nw\"> Realizacja projektu &#8222;Czym skorupka za m\u0142odu nasi\u0105knie&#8230;&#8221; w Przedszkolach nr 1, 4, 9, 11, 12, 14, 20, 28, 29, 32, 39, w Zespole Szk\u00f3\u0142 nr 4 w D\u0105browie G\u00f3rniczej.<\/a><\/strong><\/li>\n<li><strong> <a href=\"https:\/\/plus.google.com\/photos\/108189460540998134830\/albums\/5925083094085081201\"> ,,Czym skorupka za m\u0142odu nasi\u0105knie&#8230;&#8221;<\/a><\/strong><\/li>\n<li><b> <a href=\"https:\/\/plus.google.com\/photos\/108189460540998134830\/albums\/5925406074047230465?authkey=CIP3uuHdu4u-cA\"> Festiwal Ludzi Aktywnych &#8211; 07.09.2013r. <\/a><\/b><\/li>\n<li><b> <a href=\"https:\/\/plus.google.com\/photos\/108189460540998134830\/albums\/5921955815742306673\"> Pokaz\u00a0 artystyczno \u2013wokalny-\u00a0\u00a0\u00a0\u00a0\u00a0 <\/a> <a href=\"https:\/\/plus.google.com\/photos\/108189460540998134830\/albums\/5921955815742306673\"> naszych\u00a0\u00a0\u00a0\u00a0\u00a0\u00a0\u00a0 partner\u00f3w\u00a0\u00a0\u00a0 &#8211;\u00a0 zespo\u0142u wokalnego S\u0141OWIKI\u00a0 i zespo\u0142u tanecznego\u00a0 ,,PULS \u00d3SEMKI \u201d\u00a0\u00a0 ze \u00a0\u00a0\u00a0\u00a0\u00a0\u00a0\u00a0\u00a0\u00a0 Szko\u0142y Podstawowej nr 8\u00a0\u00a0 w D\u0105browie G\u00f3rniczej\u00a0 podczas FESTIWALU\u00a0 LUDZI\u00a0 AKTYWNYCH.<\/a><\/b><\/li>\n<li><strong> <a href=\"https:\/\/plus.google.com\/photos\/108189460540998134830\/albums\/5905206981813065457?authkey=CPnTsL2e_I62kQE\">Wakacyjna Akademia Rozmaito\u015bci : III Wakacyjny Piknik Integracyjny w Z\u0105bkowicach<\/a><\/strong><\/li>\n<li><strong> <a href=\"https:\/\/plus.google.com\/photos\/108189460540998134830\/albums\/5904574248153818097\"> Wakacyjna Akademia Rozmaito\u015bci : Konkursy<\/a><\/strong><\/li>\n<li><strong> <a href=\"https:\/\/plus.google.com\/photos\/108189460540998134830\/albums\/5904578826292221505\">Wakacyjna Akademia Rozmaito\u015bci : Przystanek Wakacje<\/a><\/strong><\/li>\n<li><strong> <a href=\"https:\/\/plus.google.com\/photos\/108189460540998134830\/albums\/5904581614087484769\">Wakacyjna Akademia Rozmaito\u015bci :Wycieczka do skansenu w Chorzowie<\/a><\/strong><\/li>\n<li><strong> <a href=\"https:\/\/plus.google.com\/photos\/108189460540998134830\/albums\/5904578482505239441\">Wakacyjna Akademia Rozmaito\u015bci :\u00a0 Spotkanie z paralotniarzami<\/a><\/strong><\/li>\n<li><strong> <a href=\"https:\/\/plus.google.com\/photos\/108189460540998134830\/albums\/5904573405837076801?authkey=CM_XvNiwwoTqqgE\">Wakacyjna Akademia Rozmaito\u015bci : Wyj\u015bcie do NEMO<\/a><\/strong><\/li>\n<li><strong> <a href=\"https:\/\/plus.google.com\/photos\/108189460540998134830\/albums\/5904580792448614593\">Wakacyjna Akademia Rozmaito\u015bci : Wycieczka do Zagrody \u017bubr\u00f3w w Pszczynie<\/a><\/strong><\/li>\n<li><strong> <a href=\"https:\/\/plus.google.com\/photos\/108189460540998134830\/albums\/5904577058371349377?authkey=CLDqo7ndofTHKg\">Wakacyjna Akademia Rozmaito\u015bci :Olimpiada Sport\u00f3w Niecodziennych<\/a><\/strong><\/li>\n<li><strong> <a href=\"https:\/\/plus.google.com\/photos\/108189460540998134830\/albums\/5901215879278177377?authkey=CI65pZDIzK_DnwE\"> Wakacyjna Akademia Rozmaito\u015bci :Wycieczka do <\/a> <a href=\"https:\/\/plus.google.com\/photos\/108189460540998134830\/albums\/5901215879278177377?authkey=CI65pZDIzK_DnwE\"> Miejskiej Biblioteki Publicznej <\/a><\/strong><\/li>\n<li><strong> <a href=\"https:\/\/plus.google.com\/photos\/108189460540998134830\/albums\/5901221406652813665\"> Wakacyjna Akademia Rozmaito\u015bci :<\/a><a href=\"https:\/\/plus.google.com\/photos\/108189460540998134830\/albums\/5901221406652813665\">Wycieczka do Ogrodu Do\u015bwiadcze\u0144 w Krakowie.<\/a><\/strong><\/li>\n<li><strong> <a href=\"https:\/\/plus.google.com\/photos\/108189460540998134830\/albums\/5901223636751375617\"> Wakacyjna Akademia Rozmaito\u015bci :<\/a><a href=\"https:\/\/plus.google.com\/photos\/108189460540998134830\/albums\/5901223636751375617\">Wycieczka\u00a0 do Komendy Miejskiej Pa\u0144stwowej STRA\u017bY\u00a0 PO\u017bARNEJ.<\/a><\/strong><\/li>\n<li><strong> <a href=\"https:\/\/plus.google.com\/photos\/108189460540998134830\/albums\/5901224702205866049\"> Wakacyjna Akademia Rozmaito\u015bci :Wycieczka do Ogrodu Botanicznego w\u00a0 Zabrzu<\/a><\/strong><\/li>\n<li><strong> <a href=\"https:\/\/plus.google.com\/photos\/108189460540998134830\/albums\/5901228776807686193?authkey=CKb6iuXi8oPijgE\">Wakacyjna Akademia Rozmaito\u015bci : StreetArt<\/a><\/strong><\/li>\n<li><strong> <a href=\"https:\/\/plus.google.com\/photos\/108189460540998134830\/albums\/5901223210784010785?authkey=COTL4KSuj__ODA\"> Wakacyjna Akademia Rozmaito\u015bci Wycieczka do Kr\u0119gielni<\/a><\/strong><\/li>\n<li><strong> <a href=\"https:\/\/plus.google.com\/photos\/108189460540998134830\/albums\/5901220432318735185\"> Wakacyjna Akademia Rozmaito\u015bci : III \u015awietlicowa Olimpiada Sportowa<\/a><\/strong><\/li>\n<li><strong> <a href=\"https:\/\/plus.google.com\/photos\/108189460540998134830\/albums\/5901219517340501937\"> Wakacyjna Akademia Rozmaito\u015bci : Gry i zabawy w \u015bwietlicy<\/a><\/strong><\/li>\n<li><strong> <a href=\"https:\/\/plus.google.com\/photos\/108189460540998134830\/albums\/5901226510241120977\"> Wakacyjna Akademia Rozmaito\u015bci : Spotkanie z przedstawicielami Klubu Kr\u00f3tkofalowc\u00f3w<\/a><\/strong><\/li>\n<li><strong> <a href=\"https:\/\/plus.google.com\/photos\/108189460540998134830\/albums\/5894269415452756017?authkey=CJ6SkMiey--utgE\"> Dzie\u0144 Dziecka w Krainie Przyja\u017ani<\/a><\/strong><\/li>\n<li><strong> <a href=\"https:\/\/plus.google.com\/photos\/108189460540998134830\/albums\/5894276004197607921?authkey=CKTMlIjJz5SFBg\"> Ca\u0142a \u0142\u0105ka dla mamy i taty<\/a><\/strong><\/li>\n<li><strong> <a href=\"https:\/\/plus.google.com\/photos\/108189460540998134830\/albums\/5868660327675029457?authkey=CKrfgrn83_e0jQE\"> Otwarcie Centrum Informacyjnego Urz\u0119du Miejskiego w CH Pogoria<\/a><\/strong><\/li>\n<li><strong> <a href=\"https:\/\/plus.google.com\/photos\/108189460540998134830\/albums\/5868659774018162209?authkey=CNz84uj7qrmfWQ\"> Mi\u0119dzynarodowy Dzie\u0144 Wody<\/a><\/strong><\/li>\n<li><strong> <a href=\"https:\/\/plus.google.com\/photos\/108189460540998134830\/albums\/5868657928755684977?authkey=CJa6ye-vtc3obQ\"> Koncert<\/a><\/strong><\/li>\n<li><strong> <a href=\"https:\/\/plus.google.com\/photos\/108189460540998134830\/albums\/5868659212717503201?authkey=CKDP_9Tl1Lu0lgE\"> Kiermasz wielkanocny<\/a><\/strong><\/li>\n<li><strong> <a href=\"https:\/\/plus.google.com\/photos\/108189460540998134830\/albums\/5868655189638365233\"> Wielkanocne warsztaty w CH Pogoria<\/a><\/strong><\/li>\n<li><strong> <a href=\"https:\/\/plus.google.com\/photos\/108189460540998134830\/albums\/5849019710043284065?authkey=CNe_h5Px6tnkqAE\"> Zimowa Akademia Rozmaito\u015bci : Zako\u0144czenie ferii &#8211; Mam Talent<\/a><\/strong><\/li>\n<li><strong>Zimowa Akademia Rozmaito\u015bci :Wycieczka do Modliniczki &#8211; warsztaty plastyczne<\/strong><\/li>\n<li><strong> <a href=\"https:\/\/picasaweb.google.com\/108189460540998134830\/WycieczkaDoKregielni?authuser=0&amp;feat=directlink\"> Zimowa Akademia Rozmaito\u015bci :Wycieczka do kina Helios<\/a><\/strong><\/li>\n<li><strong> <a href=\"https:\/\/plus.google.com\/photos\/108189460540998134830\/albums\/5849020519204777169?authkey=CPvj45LyiJnFDA\"> Zimowa Akademia Rozmaito\u015bci : Warsztaty plastyczne<\/a><\/strong><\/li>\n<li><strong> <a href=\"https:\/\/plus.google.com\/photos\/108189460540998134830\/albums\/5849016330829577201?authkey=CPDMooTWwJ_BGA\"> Zimowa Akademia Rozmaito\u015bci : Wycieczka do obserwatorium<\/a><\/strong><\/li>\n<li><strong> <a href=\"https:\/\/picasaweb.google.com\/108189460540998134830\/Kregielnia?authuser=0&amp;feat=directlink\"> Zimowa Akademia Rozmaito\u015bci : Wycieczka do kr\u0119gielni<\/a><\/strong><\/li>\n<li><strong> <a href=\"https:\/\/plus.google.com\/photos\/108189460540998134830\/albums\/5848637536702100401?authkey=CNGIzfXWhfmy1wE\"> Zimowa Akademia Rozmaito\u015bci :Wycieczka do Parku Wodnego &#8222;Nemo&#8221;<\/a><\/strong><\/li>\n<li><strong> <a href=\"https:\/\/picasaweb.google.com\/108189460540998134830\/Pkz?authuser=0&amp;feat=directlink\"> Zimowa Akademia Rozmaito\u015bci :Warsztaty ceramiczne w PKZ.<\/a><\/strong><\/li>\n<li><strong> <a href=\"https:\/\/picasaweb.google.com\/108189460540998134830\/Wieliczka?authuser=0&amp;feat=directlink\"> Zimowa Akademia Rozmaito\u015bci :Wycieczka do Kopalni Soli w Wieliczce<\/a><\/strong><\/li>\n<li><strong> <a href=\"https:\/\/picasaweb.google.com\/108189460540998134830\/19Lutego2013?authuser=0&amp;feat=directlink\"> Zabawa karnawa\u0142owa<\/a><\/strong><\/li>\n<li><strong> <a href=\"https:\/\/picasaweb.google.com\/108189460540998134830\/WielkaOrkiestraSwiatecznejPomocy?authuser=0&amp;feat=directlink\"> Grupa teatralna &#8222;Szeptusie&#8221; podczas fina\u0142u Wielkiej Orkiestry \u015awi\u0105tecznej Pomocy<\/a><\/strong><\/li>\n<\/ul>\n<p>&nbsp;<\/p>\n<p><strong>2012r.<\/strong><\/p>\n<p>&nbsp;<\/p>\n<ul>\n<li><a href=\"https:\/\/picasaweb.google.com\/108189460540998134830\/DobreSpotkanieZMikolajem?authuser=0&amp;feat=directlink\"> <strong> 7 grudnia\u00a0 w Krainie Przyja\u017ani \u00a0mo\u017cna by\u0142o spotka\u0107\u00a0<\/strong><\/a><strong><a href=\"https:\/\/picasaweb.google.com\/108189460540998134830\/DobreSpotkanieZMikolajem?authuser=0&amp;feat=directlink\">\u015bw. Miko\u0142aja i wzi\u0105\u0107 udzia\u0142 \u00a0w GALI TALENT\u00d3W<\/a><\/strong><\/li>\n<li><strong> <a href=\"https:\/\/picasaweb.google.com\/108189460540998134830\/PogoriaMikolaj?authuser=0&amp;feat=directlink\"> Kraina Przyja\u017ani w Pogorii<\/a><\/strong><\/li>\n<li><strong> <a href=\"https:\/\/picasaweb.google.com\/108189460540998134830\/15Listopada2012SukcesyCiesza?authuser=0&amp;feat=directlink\"> Sukcesy Ciesz\u0105 &#8211; 15.11.2012r.<\/a> <\/strong><\/li>\n<li><strong> <a href=\"https:\/\/picasaweb.google.com\/108189460540998134830\/17ListopadaWarsztatyWCentrumHandlowymPogoria?authuser=0&amp;feat=directlink\"> Warsztaty w CH Pogoria &#8211; 17.11.2012r.<\/a><\/strong><\/li>\n<li><strong> <a href=\"https:\/\/picasaweb.google.com\/108189460540998134830\/19ListopadaFundacjaGodneZycie?authuser=0&amp;feat=directlink\"> \u00a0<\/a><a href=\"https:\/\/picasaweb.google.com\/108189460540998134830\/19ListopadaFundacjaGodneZycie?authuser=0&amp;feat=directlink\">Z wizyt\u0105 w Fundacji Godne \u017bycie. &#8211; 19.11.2012r. <\/a> <\/strong><\/li>\n<li><strong>&#8222;<a href=\"https:\/\/picasaweb.google.com\/108189460540998134830\/WARSZTATYTEATRALNE?authuser=0&amp;feat=directlink\">Otw\u00f3rz oczy , baw si\u0119 z nami bez przemocy&#8221; &#8211; warsztaty teatralne<\/a>\u00a0 <\/strong><\/li>\n<li><strong> <a href=\"https:\/\/picasaweb.google.com\/108189460540998134830\/WarsztatyPlastyczne?authuser=0&amp;feat=directlink\"> &#8222;Otw\u00f3rz oczy , baw si\u0119 z nami bez przemocy&#8221;- warsztaty plastyczne<\/a><\/strong><\/li>\n<li><strong> <a href=\"https:\/\/picasaweb.google.com\/108189460540998134830\/InteraktywnaAudycjaMuzyczna?authuser=0&amp;feat=directlink\"> &#8222;Otw\u00f3rz oczy , baw si\u0119 z nami bez przemocy&#8221;- interaktywna audycja muzyczna<\/a><\/strong><\/li>\n<li><b> <a href=\"https:\/\/picasaweb.google.com\/108189460540998134830\/OgniskoPodsumowujaceRealizacjeProjektuWDomuDlaBezdomnychWZabkowicach?authuser=0&amp;feat=directlink\"> Ognisko podsumowuj\u0105ce realizacj\u0119 projektu w Domu dla Bezdomnych w Z\u0105bkowicach<\/a><\/b><\/li>\n<li><b> <a href=\"https:\/\/picasaweb.google.com\/108189460540998134830\/FestiwalLudziAktywnych22092012?authuser=0&amp;feat=directlink\"> Festiwal Ludzi Aktywnych &#8211; FIP 2012<\/a> <\/b><\/li>\n<\/ul>\n<p>&nbsp;<\/p>\n<ul>\n<li><a href=\"https:\/\/picasaweb.google.com\/108189460540998134830\/MirowIBobolice24072012?authuser=0&amp;feat=directlink\"> \u00a0<strong>Wakacyjna Akademia Rozmaito\u015bci : Wycieczka do Mirowa i Bobolic 24.07.2012r.<\/strong><\/a><\/li>\n<li><a href=\"https:\/\/picasaweb.google.com\/108189460540998134830\/KonkursTalentow?authuser=0&amp;feat=directlink\"> <strong>Wakacyjna Akademia Rozmaito\u015bci : Konkurs Talent\u00f3w 23.07.2012r.\u00a0<\/strong><\/a><\/li>\n<li><a href=\"https:\/\/picasaweb.google.com\/108189460540998134830\/WygieZow?authuser=0&amp;feat=directlink\"> <strong>Wakacyjna Akademia Rozmaito\u015bci : Wycieczka do Wygie\u0142zowa 21.07.2012r<\/strong><\/a><\/li>\n<li><strong> <a href=\"https:\/\/picasaweb.google.com\/108189460540998134830\/GryIZabawyNaOrliku?authuser=0&amp;feat=directlink\"> Wakacyjna Akademia Rozmaito\u015bci<\/a><a href=\"https:\/\/picasaweb.google.com\/108189460540998134830\/GryIZabawyNaOrliku?authuser=0&amp;feat=directlink\"> : Zabawy na Orliku<\/a><\/strong><\/li>\n<li><strong> <a href=\"https:\/\/picasaweb.google.com\/108189460540998134830\/Kuzniczka?authuser=0&amp;feat=directlink\"> Wakacyjna Akademia Rozmaito\u015bci<\/a><a href=\"https:\/\/picasaweb.google.com\/108189460540998134830\/Kuzniczka?authuser=0&amp;feat=directlink\">: \u00a0Wycieczka do Ku\u017aniczki<\/a><\/strong><\/li>\n<li><a href=\"https:\/\/picasaweb.google.com\/108189460540998134830\/WakacyjnaAkademiaRozmaitosciSPOTKANIEZAKTORAMITEATRUGRYILUDZIEZKATOWICWANTONIOWIE170?authuser=0&amp;feat=directlink\"> <strong>Wakacyjna Akademia Rozmaito\u015bci :SPOTKANIE Z AKTORAMI TEATRU GRY I LUDZIE Z KATOWIC W ANTONIOWIE 17.07.2012r<\/strong><\/a><\/li>\n<li><strong> <a href=\"https:\/\/picasaweb.google.com\/108189460540998134830\/StreetArt?authuser=0&amp;feat=directlink\"> Wakacyjna Akademia Rozmaito\u015bci :<\/a><a href=\"https:\/\/picasaweb.google.com\/108189460540998134830\/StreetArt?authuser=0&amp;feat=directlink\">wydarzeni e \u201eStreet Art\u201d oraz inauguracjaa Olimpiady Sport\u00f3w Niecodziennych\u00a0 w Parku Hallera 16.07.2012r.<\/a><\/strong><\/li>\n<li><a href=\"https:\/\/picasaweb.google.com\/108189460540998134830\/MINIZOO2012?authuser=0&amp;feat=directlink\"> <strong>Wakacyjna Akademia Rozmaito\u015bci: Mini Zoo w Kazimierzu G\u00f3rniczym : Lato w obiektywie 13.07.2012<\/strong><\/a><\/li>\n<li><a href=\"https:\/\/picasaweb.google.com\/108189460540998134830\/MiejskaBibliotekaPubliczna2012?authuser=0&amp;feat=directlink\"> <strong>Wakacyjna Akademia Rozmaito\u015bci: Z wizyt\u0105 w Miejskiej Bibliotece Publicznej -11.07.2012<\/strong><\/a><\/li>\n<li><a href=\"https:\/\/picasaweb.google.com\/108189460540998134830\/PodbuczynyLesnik2012?authuser=0&amp;feat=directlink\"> <strong>Wakacyjna Akademia Rozmaito\u015bci: Spotkanie z le\u015bnikiem Podbuczyny &#8211; 11.07.2012<\/strong><\/a><\/li>\n<li><a href=\"https:\/\/picasaweb.google.com\/108189460540998134830\/WakacyjnaAkademiaRozmaitosciWYCIECZKADoZOOWChorzowie9072012?authuser=0&amp;feat=directlink\"> <strong>Wakacyjna Akademia Rozmaito\u015bci: WYCIECZKA do ZOO w Chorzowie -9.07.2012<\/strong><\/a><\/li>\n<li><strong> <a href=\"https:\/\/picasaweb.google.com\/108189460540998134830\/08072011rPiatek?authuser=0&amp;feat=directlink\"> Wakacyjna Akademia Rozmaito\u015bci : Wycieczka do Ojcowa &#8211; 08.07.2012<\/a><\/strong><\/li>\n<li><strong> <a href=\"https:\/\/picasaweb.google.com\/108189460540998134830\/ZajeciaZrecznoscioweWKREGIELNIORION4072012?authuser=0&amp;feat=directlink\"> Wakacyjna Akademia Rozmaito\u015bci:\u00a0 Zaj\u0119cia zr\u0119czno\u015bciowe w KR\u0118GIELNI ORION -4.07.2012<\/a><\/strong><\/li>\n<li><strong> <a href=\"https:\/\/picasaweb.google.com\/108189460540998134830\/WarsztatyWrazliwosci?authuser=0&amp;feat=directlink\"> Wakacyjna Akademia Rozmaito\u015bci:\u00a0 Warsztaty wra\u017cliwo\u015bci W CZASIE WAKACJI &#8211; 5.07.2012<\/a><\/strong><\/li>\n<li><strong> <a href=\"https:\/\/picasaweb.google.com\/108189460540998134830\/SwietoRodziny06062012r?authuser=0&amp;authkey=Gv1sRgCJK7r6rw38sa&amp;feat=directlink\"> \u015awi\u0119to Rodziny &#8211; 06.06.2012r.<\/a><\/strong><\/li>\n<li><strong> <a href=\"https:\/\/picasaweb.google.com\/108189460540998134830\/WielkanocneWarsztatyPlastyczneWCentrumHandlowymPogoria?authuser=0&amp;feat=directlink\"> Wielkanocne warsztaty plastyczne w Centrum Handlowym &#8222;Pogoria&#8221;<\/a>(24.03.2012r.)<\/strong><\/li>\n<li><strong> <a href=\"https:\/\/picasaweb.google.com\/108189460540998134830\/ZWizytaWFundacjiSwiatowyDzienWody?authuser=0&amp;feat=directlink\"> Z wizyt\u0105 w Fundacji Godne \u017bycie &#8211; \u015awiatowy Dzie\u0144 Wody (23.03.2012r.)<\/a><\/strong><\/li>\n<li><strong> <a href=\"https:\/\/picasaweb.google.com\/108189460540998134830\/SaraLaureatkaKonkursuWielkanocneZyczliwosci?authuser=0&amp;feat=directlink\"> SARA LAUREATEM KONKURSU PLASTYCZNE GO &#8221; WIELKANOCN E \u017bYCZLIWO\u015aC I&#8221;<\/a><\/strong><\/li>\n<li><strong>Ferie :<a href=\"https:\/\/picasaweb.google.com\/108189460540998134830\/WycieczkaDoKopalniSrebraWTarnowskichGorach?authuser=0&amp;feat=directlink\">Wycieczka do Kopalni Srebra w Tarnowskich G\u00f3rach<\/a><\/strong><\/li>\n<li><strong>Ferie :<a href=\"https:\/\/picasaweb.google.com\/108189460540998134830\/WycieczkaDoKregielniOrion?authuser=0&amp;feat=directlink\">Wycieczka do Kr\u0119gielni &#8222;Orion&#8221;<\/a><\/strong><\/li>\n<li><strong>Ferie: <a href=\"https:\/\/picasaweb.google.com\/108189460540998134830\/WycieczkaDoObserwatoriumAstronomicznego?authuser=0&amp;feat=directlink\"> Wycieczka do Obserwatorium Astronomicznego<\/a><\/strong><\/li>\n<li><strong>Ferie: <a href=\"https:\/\/picasaweb.google.com\/108189460540998134830\/ZajeciaTematyczne?authuser=0&amp;feat=directlink\"> Zaj\u0119cia tematyczne<\/a><\/strong><\/li>\n<li><strong>Ferie: <a href=\"https:\/\/picasaweb.google.com\/108189460540998134830\/ZimowaOlimpiadaSportowa?authuser=0&amp;feat=directlink\"> Zimowa Olimpiada Sportowa<\/a><\/strong><\/li>\n<li><strong>Ferie: <a href=\"https:\/\/picasaweb.google.com\/108189460540998134830\/NaszePrace?authuser=0&amp;feat=directlink\"> Nasze prace\u00a0<\/a><\/strong><\/li>\n<li><strong> <a href=\"https:\/\/picasaweb.google.com\/108189460540998134830\/WarsztatyKrawieckie?authuser=0&amp;feat=directlink\"> Warsztaty krawieckie\u00a0<\/a><\/strong><\/li>\n<li><strong> <a href=\"https:\/\/picasaweb.google.com\/108189460540998134830\/WarsztatyPlastyczneKarnawaOweMaskiCentrumHandlowePogoria?authuser=0&amp;feat=directlink\"> Warsztaty plastyczne w Centrum Handlowym &#8222;Pogoria&#8221;<\/a><\/strong><\/li>\n<\/ul>\n<p><strong>2011<\/strong><\/p>\n<ul>\n<li><strong><a href=\"https:\/\/picasaweb.google.com\/108189460540998134830\/WigiliaWSwietlicySrodowiskowej?authuser=0&amp;feat=directlink\"> Wigilia w \u015awietlicy \u015arodowiskowej\u00a0<\/a><\/strong><\/li>\n<li><strong><a href=\"https:\/\/picasaweb.google.com\/108189460540998134830\/SwiatecznyHappeningWCentrumHandlowymPogoria?authuser=0&amp;feat=directlink\"> \u015awi\u0105teczny happening w Centrum Handlowym &#8222;Pogoria&#8221;<\/a><\/strong><\/li>\n<li><strong><a href=\"https:\/\/picasaweb.google.com\/108189460540998134830\/SpotkanieZMikoAjemWSwietlicySrodowiskowejKrainaPrzyjazni?authuser=0&amp;feat=directlink\"> Spotkanie z \u015bw. Miko\u0142ajem w &#8222;Krainie Przyja\u017ani &#8222;, prowadzonej przez Stowarzyszenie &#8222;Dar Serca&#8221;<\/a><\/strong><\/li>\n<li><strong><a href=\"https:\/\/picasaweb.google.com\/108189460540998134830\/TurystyczneWakacjeOlimpiadaSportowNiecodziennych?authuser=0&amp;feat=directlink\"> Turystyczne wakacje -Olimpiada Sport\u00f3w Niecodziennych<\/a><\/strong><\/li>\n<li><strong><a href=\"https:\/\/picasaweb.google.com\/108189460540998134830\/Prezydencja?authuser=0&amp;feat=directlink\"> Turystyczna wakacje-Prezydencja<\/a><\/strong><\/li>\n<li><strong>Turystyczna wakacje -Wycieczka do Muzeum Chleba<\/strong><\/li>\n<li><strong> <a href=\"https:\/\/picasaweb.google.com\/108189460540998134830\/Wiosenalia?authuser=0&amp;feat=directlink\"> Wiosenalia 2011<\/a><\/strong><\/li>\n<li><strong> <a href=\"https:\/\/picasaweb.google.com\/108189460540998134830\/BezpieczneFerie2011WarsztatyKulinarne?authuser=0&amp;feat=directlink\"> Bezpieczne Ferie 2011 &#8211; Warsztaty Kulinarne<\/a><\/strong><\/li>\n<li><strong> <a href=\"https:\/\/picasaweb.google.com\/108189460540998134830\/BezpieczneFerieGryIZabawy?authuser=0&amp;feat=directlink\"> Bezpieczne Ferie 2011 &#8211; Gry i zabawy<\/a><\/strong><\/li>\n<li><strong> <a href=\"https:\/\/picasaweb.google.com\/108189460540998134830\/BezpieczneFeriePracePlastyczne?authuser=0&amp;feat=directlink\"> Bezpieczne Ferie 2011 &#8211; Nasze prace plastyczne\u00a0<\/a><\/strong><\/li>\n<li><strong> <a href=\"https:\/\/picasaweb.google.com\/108189460540998134830\/Sztygarka?authuser=0&amp;feat=directlink\"> Bezpieczne Ferie 2011 &#8211; Wycieczka do Muzeum &#8222;Sztygarka&#8221;<\/a><\/strong><\/li>\n<li><strong> <a href=\"https:\/\/picasaweb.google.com\/108189460540998134830\/Morsko2011?authuser=0&amp;feat=directlink\"> Bezpieczne Ferie 2011- Profilaktyczna wycieczka do Morska<\/a><\/strong><\/li>\n<li><strong> <a href=\"https:\/\/picasaweb.google.com\/108189460540998134830\/ZimowaOlimpiada2011?authuser=0&amp;feat=directlink\"> Bezpieczne Ferie 2011 :Zimowa Olimpiada<\/a><\/strong><\/li>\n<\/ul>\n<p><strong>2010<\/strong><\/p>\n<ul>\n<li><a href=\"https:\/\/picasaweb.google.com\/108189460540998134830\/SpotkanieZMikoAjemFundacjaGodneZycie2010?authuser=0&amp;feat=directlink\"> <strong>06.12.2010R.- SPOTKANIE Z MIKO\u0141AJEM W FUNDACJI GODNE \u017bYCIE<\/strong><\/a><\/li>\n<li><a href=\"https:\/\/picasaweb.google.com\/108189460540998134830\/SpotkanieZWolontariuszamiArcellorMittal?authuser=0&amp;feat=directlink\"> <strong>Spotkanie z WOLONTARIUSZAMI Z ArCELOR MITTAL -3.12.2010r<\/strong><\/a><\/li>\n<li><strong><a href=\"https:\/\/picasaweb.google.com\/108189460540998134830\/WYCIECZKADOMINIZOOWPARKUWKAZIMIERZUGORNICZYM2010?authuser=0&amp;feat=directlink\"> Wakacje: WYCIECZKA DO MINI ZOO W PARKU W KAZIMIERZU G\u00d3RNICZYM 2010<\/a><\/strong><\/li>\n<li><strong><a href=\"https:\/\/picasaweb.google.com\/108189460540998134830\/ZabawyWWodzieWNEMO?authuser=0&amp;feat=directlink\"> Wakacje: Zabawy w wodzie w NEMO<\/a><\/strong><\/li>\n<li><strong><a href=\"https:\/\/picasaweb.google.com\/108189460540998134830\/WYCIECZKADOKOPALNICWICZEBNEJWMUZEUMSZTYGARKA2010?authuser=0&amp;feat=directlink\"> Wakacje: WYCIECZKA DO KOPALNI \u0106WICZEBNEJ W MUZEUM ,,SZTYGARKA\u201d2010<\/a><\/strong><\/li>\n<li><strong><a href=\"https:\/\/picasaweb.google.com\/108189460540998134830\/WycieczkaDoZOtegoPotoku?authuser=0&amp;feat=directlink\"> Wakacje: Wycieczka do Z\u0142otego Potoku 15.07.2010r<\/a><\/strong><\/li>\n<li><strong><a href=\"https:\/\/picasaweb.google.com\/108189460540998134830\/WycieczkaDoParkuKosciuszkiWKatowicach2010?authuser=0&amp;feat=directlink\"> Wakacje: Wycieczka do Parku Ko\u015bciuszki w Katowicach\u00a0<\/a><\/strong><\/li>\n<li><strong><a href=\"https:\/\/picasaweb.google.com\/108189460540998134830\/WycieczkaDoOgrodzienca?authuser=0&amp;feat=directlink\"> Wakacje: Wycieczka do Ogrodzie\u0144ca\u00a0<\/a><\/strong><\/li>\n<li><strong><a href=\"https:\/\/picasaweb.google.com\/108189460540998134830\/WakacyjnaOlimpiadaSportowNiecodziennych?authuser=0&amp;feat=directlink\"> Wakacje :Wakacyjna Olimpiada Sport\u00f3w Niecodziennych\u00a0<\/a><\/strong><\/li>\n<li><strong><a href=\"https:\/\/picasaweb.google.com\/108189460540998134830\/DzienDziecka?authuser=0&amp;feat=directlink\"> Dzie\u0144 dziecka\u00a0<\/a><\/strong><\/li>\n<li><strong><a href=\"https:\/\/picasaweb.google.com\/108189460540998134830\/DzienMatki2605?authuser=0&amp;feat=directlink\"> Dzie\u0144 matki\u00a0<\/a><\/strong><\/li>\n<li><strong><a href=\"https:\/\/picasaweb.google.com\/108189460540998134830\/KregielniaOrionFerie?authuser=0&amp;feat=directlink\"> Ferie :Wyj\u015bcie do kr\u0119gielni Orion w D\u0105browie G\u00f3rniczej<\/a><\/strong><\/li>\n<li><strong><a href=\"https:\/\/picasaweb.google.com\/108189460540998134830\/Ferie2010Nemo?authuser=0&amp;feat=directlink\"> Ferie : W ka\u017cd\u0105 \u015brod\u0119 byli\u015bmy w Nemo<\/a><\/strong><\/li>\n<li><strong><a href=\"https:\/\/picasaweb.google.com\/108189460540998134830\/ZajeciaPlastyczneWPKZZima2010?authuser=0&amp;feat=directlink\"> Ferie: Zaj\u0119cia plastyczne w Pa\u0142acu Kultury i Zag\u0142\u0119bia<\/a><\/strong><\/li>\n<li><strong><a href=\"https:\/\/picasaweb.google.com\/108189460540998134830\/WalentynkoweDisco?authuser=0&amp;feat=directlink\"> Walentynkowe Disco w Krainie Przyja\u017ani 12 luty<\/a><\/strong><\/li>\n<\/ul>\n<p>&nbsp;<\/p>\n","protected":false},"excerpt":{"rendered":"<p>2018r. Rodzinne warsztaty witra\u017cu metod\u0105 Tiffany&#8217;ego &nbsp; &nbsp; 2016r. Ferie &#8211; Mam talent Ferie- Palmiarnia w Gliwicach Ferie &#8211; Szko\u0142a\u2026<\/p>\n","protected":false},"author":1,"featured_media":0,"parent":0,"menu_order":0,"comment_status":"closed","ping_status":"closed","template":"","meta":{"footnotes":""},"class_list":["post-68","page","type-page","status-publish","hentry"],"_links":{"self":[{"href":"http:\/\/www.stowarzyszeniedarserca.org.pl\/index.php\/wp-json\/wp\/v2\/pages\/68","targetHints":{"allow":["GET"]}}],"collection":[{"href":"http:\/\/www.stowarzyszeniedarserca.org.pl\/index.php\/wp-json\/wp\/v2\/pages"}],"about":[{"href":"http:\/\/www.stowarzyszeniedarserca.org.pl\/index.php\/wp-json\/wp\/v2\/types\/page"}],"author":[{"embeddable":true,"href":"http:\/\/www.stowarzyszeniedarserca.org.pl\/index.php\/wp-json\/wp\/v2\/users\/1"}],"replies":[{"embeddable":true,"href":"http:\/\/www.stowarzyszeniedarserca.org.pl\/index.php\/wp-json\/wp\/v2\/comments?post=68"}],"version-history":[{"count":15,"href":"http:\/\/www.stowarzyszeniedarserca.org.pl\/index.php\/wp-json\/wp\/v2\/pages\/68\/revisions"}],"predecessor-version":[{"id":1372,"href":"http:\/\/www.stowarzyszeniedarserca.org.pl\/index.php\/wp-json\/wp\/v2\/pages\/68\/revisions\/1372"}],"wp:attachment":[{"href":"http:\/\/www.stowarzyszeniedarserca.org.pl\/index.php\/wp-json\/wp\/v2\/media?parent=68"}],"curies":[{"name":"wp","href":"https:\/\/api.w.org\/{rel}","templated":true}]}}