{"id":52,"date":"2016-01-10T23:54:12","date_gmt":"2016-01-10T22:54:12","guid":{"rendered":"http:\/\/www.stowarzyszeniedarserca.org.pl\/?page_id=52"},"modified":"2021-04-14T19:50:19","modified_gmt":"2021-04-14T17:50:19","slug":"nasze-projekty","status":"publish","type":"page","link":"http:\/\/www.stowarzyszeniedarserca.org.pl\/index.php\/nasze-projekty\/","title":{"rendered":"Nasze projekty"},"content":{"rendered":"<p><strong>Najwa\u017cniejsze realizowane projekty w 2021 r. :\u00a0<\/strong><\/p>\n<p>\u015awietlica \u015arodowiskowa KRAINA PRZYJA\u0179NI<\/p>\n<p>Akademia Rozmaito\u015bci<\/p>\n<p>PAJACYK<\/p>\n<p>Pajacykowa Sie\u0107 Pomocowa<\/p>\n<p><strong>Najwa\u017cniejsze zrealizowane projekty w 2020 r. :\u00a0<\/strong><\/p>\n<p>\u015awietlica \u015arodowiskowa KRAINA PRZYJA\u0179NI<\/p>\n<p>Akademia Rozmaito\u015bci<\/p>\n<p>Otw\u00f3rz oczy, baw si\u0119 z nami bez przemocy w \u015bwietlicy \u015brodowiskowej<\/p>\n<p>PAJACYK<\/p>\n<p>Pajacykowa Sie\u0107 Pomocowa<\/p>\n<p><strong>Najwa\u017cniejsze zrealizowane projekty w 2019r. :\u00a0<\/strong><\/p>\n<p>\u015awietlica \u015arodowiskowa KRAINA PRZYJA\u0179NI<\/p>\n<p>Zimowa Akademia Rozmaito\u015bci<\/p>\n<p>Warsztaty wra\u017cliwo\u015bci<\/p>\n<p>Wakacyjna Akademia Rozmaito\u015bci<\/p>\n<p>Otw\u00f3rz oczy, baw si\u0119 z nami bez przemocy w \u015bwietlicy \u015brodowiskowej<\/p>\n<p>Akademia Zdrowego Dzieciaka<\/p>\n<p>PAJACYK<\/p>\n<p>Pajacykowa sie\u0107 pomocowa<\/p>\n<p><strong><u>Najwa\u017cniejsze zrealizowane projekty w 2018 r.:<\/u><\/strong><\/p>\n<p>\u015awietlica \u015arodowiskowa KRAINA PZYJA\u0179NI<\/p>\n<p>Zimowa Akademia Rozmaito\u015aci<\/p>\n<p>Warsztaty wra\u017bliwo\u015aci<\/p>\n<p>Wakacyjna Akademia Rozmaito\u015bci<\/p>\n<p>Otw\u00f3rz oczy baw si\u0119 z nami bez przemocy w \u015bwietlicy \u015arodowiskowej<\/p>\n<p>Akademia Zdrowego Dzieciaka<\/p>\n<p>PAJACYK<\/p>\n<p><strong><u>Najwa\u017cniejsze zrealizowane projekty w 2017 r.:<\/u><\/strong><\/p>\n<p>\u015awietlica \u015brodowiskowa KRAINA PZYJA\u0179NI<\/p>\n<p>Zimowa Akademia Rozmaito\u015bci<\/p>\n<p>Wakacyjna Akademia Rozmaito\u015bci<\/p>\n<p>Warsztaty wra\u017cliwo\u015bci<\/p>\n<p>Akademia Rozmaito\u015bci<\/p>\n<p><strong><u>Najwa\u017cniejsze projekty\u00a0 zrealizowane\u00a0\u00a0 w 2016 r.:<\/u><\/strong><\/p>\n<p><u><\/u><strong>,,\u015awietlica \u015brodowiskowa<\/strong> Kraina Przyja\u017ani\u00a0 <strong>\u201d <\/strong>\u00a0\u2013 ul. Karola\u00a0 Adamieckiego 12\u00a0\u00a0 w D\u0105browie G\u00f3rniczej.<\/p>\n<p>Od 1 stycznia 2016 r.\u00a0 Stowarzyszenie DAR SERCA\u00a0 kontynuowa\u0142o organizacj\u0119\u00a0 zaj\u0119\u0107 dla dzieci i m\u0142odzie\u017cy w \u015bwietlicy \u015brodowiskowej\u00a0 KRAINA PRZYJA\u0179NI \u2013 ul. Adamieckiego 12. Zaj\u0119cia odbywa\u0142y si\u0119 codziennie (od poniedzia\u0142ku do pi\u0105tku)\u00a0 najcz\u0119\u015bciej w godzinach 14.00-18.00 i by\u0142y dostosowane do potrzeb dzieci. Natomiast\u00a0 w okresie ferii i wakacji \u2013od 9.00-14.00.<\/p>\n<p>Prowadzili\u015bmy zaj\u0119cia w zespo\u0142ach zainteresowa\u0144: warsztaty teatralne, plastyczne, taneczne, sportowe, literackie, promuj\u0105ce zdrowe od\u017cywianie , kulinarne, krawieckie, aerobic.\u00a0 Proponowali\u015bmy dzieciom r\u00f3\u017cne formy aktywno\u015bci zar\u00f3wno ruchowej jak i artystycznej.<\/p>\n<p>Podwy\u017cszali\u015bmy sprawno\u015b\u0107 intelektualn\u0105 naszych wychowank\u00f3w poprzez realizacj\u0119 zaj\u0119\u0107 korekcyjno-wyr\u00f3wnawczych, codzienn\u0105 pomoc w odrabianiu lekcji, nadrabianiu zaleg\u0142o\u015bci z poszczeg\u00f3lnych przedmiot\u00f3w- w zale\u017cno\u015bci od potrzeb wychowank\u00f3w<\/p>\n<p><a href=\"http:\/\/www.stowarzyszeniedarserca.org.pl\/wp-content\/uploads\/2016\/01\/pah.png\"><img loading=\"lazy\" decoding=\"async\" class=\"alignnone wp-image-609\" src=\"http:\/\/www.stowarzyszeniedarserca.org.pl\/wp-content\/uploads\/2016\/01\/pah-300x180.png\" alt=\"\" width=\"107\" height=\"64\" srcset=\"http:\/\/www.stowarzyszeniedarserca.org.pl\/wp-content\/uploads\/2016\/01\/pah-300x180.png 300w, http:\/\/www.stowarzyszeniedarserca.org.pl\/wp-content\/uploads\/2016\/01\/pah.png 500w\" sizes=\"auto, (max-width: 107px) 100vw, 107px\" \/><\/a><a href=\"http:\/\/www.stowarzyszeniedarserca.org.pl\/wp-content\/uploads\/2016\/01\/urzad.png\"><img loading=\"lazy\" decoding=\"async\" class=\"alignnone wp-image-610\" src=\"http:\/\/www.stowarzyszeniedarserca.org.pl\/wp-content\/uploads\/2016\/01\/urzad.png\" alt=\"\" width=\"89\" height=\"89\" srcset=\"http:\/\/www.stowarzyszeniedarserca.org.pl\/wp-content\/uploads\/2016\/01\/urzad.png 225w, http:\/\/www.stowarzyszeniedarserca.org.pl\/wp-content\/uploads\/2016\/01\/urzad-150x150.png 150w\" sizes=\"auto, (max-width: 89px) 100vw, 89px\" \/><img loading=\"lazy\" decoding=\"async\" class=\"alignnone size-full wp-image-608\" src=\"http:\/\/www.stowarzyszeniedarserca.org.pl\/wp-content\/uploads\/2016\/01\/logo-DG.jpg\" alt=\"\" width=\"135\" height=\"90\" \/><\/a><\/p>\n<p><em>\u0179r\u00f3d\u0142o finansowania:<\/em> Projekt finansowany by\u0142 przy udziale \u015brodk\u00f3w Urz\u0119du Miejskiego \u00a0 w D\u0105browie G\u00f3rniczej, Polskiej Akcji Humanitarnej \u00a0i \u015brodk\u00f3w w\u0142asnych pozyskanych \u00a0w ramach 1% i darowizn.<\/p>\n<p><strong>,,Zimowa Akademia Rozmaito\u015bci\u201d<\/strong><\/p>\n<p>Podopieczni Stowarzyszenia ,,Dar Serca\u201d r\u00f3wnie\u017c\u00a0 podczas ferii\u00a0 zimowych nie nudzili si\u0119,\u00a0 ale\u00a0\u00a0 w spos\u00f3b atrakcyjny sp\u0119dzali \u00a0czas wolny. Organizatorzy\u00a0 zaproponowali uczestnikom r\u00f3\u017cne formy aktywno\u015bci zar\u00f3wno ruchowej\u00a0 jak\u00a0 i artystycznej. Dzieci uczestniczy\u0142y w zaj\u0119ciach ruchowych w Parku Wodnym NEMO, w zaj\u0119ciach zr\u0119czno\u015bciowych\u00a0 w kr\u0119gielni oraz na \u015bwie\u017cym powietrzu, promuj\u0105c zdrowy styl \u017cycia.<\/p>\n<p>Wzi\u0119li udzia\u0142 w wycieczkach edukacyjnych do: Kopalni Srebra i Sztolni Czarnego Pstr\u0105ga\u00a0\u00a0 w Tarnowskich G\u00f3rach,\u00a0\u00a0 Szko\u0142y Policji w Katowicach oraz do Palmiarni Miejskiej \u00a0 \u00a0w Gliwicach.<\/p>\n<p>Podsumowaniem projektu by\u0142a sportowa impreza integracyjna MAM TALENT.<\/p>\n<p>G\u0142\u00f3wnym celem projektu by\u0142o propagowanie zami\u0142owania do aktywnego sp\u0119dzania wolnego czasu\u00a0 jako alternatywy dla nudy i bezczynno\u015bci oraz konstruktywne zorganizowanie dzieciom warunk\u00f3w bezpiecznego sp\u0119dzania czasu wolnego podczas ferii zimowych.<\/p>\n<p><img loading=\"lazy\" decoding=\"async\" class=\"alignnone size-full wp-image-608\" src=\"http:\/\/www.stowarzyszeniedarserca.org.pl\/wp-content\/uploads\/2016\/01\/logo-DG.jpg\" alt=\"\" width=\"135\" height=\"90\" \/><a href=\"http:\/\/www.stowarzyszeniedarserca.org.pl\/wp-content\/uploads\/2016\/01\/urzad.png\"><img loading=\"lazy\" decoding=\"async\" class=\"alignnone wp-image-610\" src=\"http:\/\/www.stowarzyszeniedarserca.org.pl\/wp-content\/uploads\/2016\/01\/urzad.png\" alt=\"\" width=\"89\" height=\"89\" srcset=\"http:\/\/www.stowarzyszeniedarserca.org.pl\/wp-content\/uploads\/2016\/01\/urzad.png 225w, http:\/\/www.stowarzyszeniedarserca.org.pl\/wp-content\/uploads\/2016\/01\/urzad-150x150.png 150w\" sizes=\"auto, (max-width: 89px) 100vw, 89px\" \/><\/a><\/p>\n<p><em>\u0179r\u00f3d\u0142o finansowania:<\/em> \u00a0Projekt finansowany by\u0142 przy udziale \u015brodk\u00f3w Urz\u0119du Miejskiego \u00a0 w D\u0105browie \u00a0G\u00f3rniczej, \u015brodk\u00f3w w\u0142asnych pozyskanych w ramach 1% i darowizn.<\/p>\n<p><strong>,,Wakacyjna Akademia Rozmaito\u015bci\u201d<\/strong><\/p>\n<p>Stowarzyszenie DAR SERCA w lipcu realizowa\u0142o\u00a0 projekt ,,WAKACYJNA AKADEMIA ROZMAITO\u015aCI\u201d. W codziennych zaj\u0119ciach\u00a0 bra\u0142y udzia\u0142 <strong>\u00a0<\/strong>dzieci w wieku 6-14 lat z D\u0105browy G\u00f3rniczej. G\u0142\u00f3wnym celem proponowanych atrakcji by\u0142o propagowanie zami\u0142owania do aktywnego sp\u0119dzania wolnego czasu\u00a0 jako alternatywy dla nudy i bezczynno\u015bci.<\/p>\n<p>By\u0142y wyj\u015bcia na basen, olimpiady sportowe, warsztaty plastyczne, ekologiczne, ogniska integracyjne, wycieczki piesze i autokarowe do ciekawych miejsc (np. stadnina koni, Zagroda \u017bubr\u00f3w w Pszczynie, ZOO w Chorzowie, Ogr\u00f3d Do\u015bwiadcze\u0144 w Krakowie, Muzeum Chleba i inne).<\/p>\n<p>Udzia\u0142 w zaj\u0119ciach sportowych, artystycznych, wycieczkach edukacyjnych, spotkaniach \u00a0 \u00a0z ciekawymi lud\u017ami wzbogaca umys\u0142y dzieci i uwra\u017cliwia je\u00a0 na pi\u0119kno i tajemniczo\u015b\u0107 otaczaj\u0105cego \u015bwiata.<\/p>\n<p><em>\u0179r\u00f3d\u0142o finansowania:<\/em> \u00a0Projekt finansowany by\u0142 przy udziale \u015brodk\u00f3w Urz\u0119du Miejskiego \u00a0w D\u0105browie \u00a0G\u00f3rniczej, \u015brodk\u00f3w w\u0142asnych pozyskanych w ramach 1% i darowizn.<\/p>\n<p><a href=\"http:\/\/www.stowarzyszeniedarserca.org.pl\/wp-content\/uploads\/2016\/01\/urzad.png\"><img loading=\"lazy\" decoding=\"async\" class=\"alignnone wp-image-610\" src=\"http:\/\/www.stowarzyszeniedarserca.org.pl\/wp-content\/uploads\/2016\/01\/urzad.png\" alt=\"\" width=\"89\" height=\"89\" srcset=\"http:\/\/www.stowarzyszeniedarserca.org.pl\/wp-content\/uploads\/2016\/01\/urzad.png 225w, http:\/\/www.stowarzyszeniedarserca.org.pl\/wp-content\/uploads\/2016\/01\/urzad-150x150.png 150w\" sizes=\"auto, (max-width: 89px) 100vw, 89px\" \/><\/a><a href=\"http:\/\/www.stowarzyszeniedarserca.org.pl\/wp-content\/uploads\/2016\/01\/logo-DG.jpg\"><img loading=\"lazy\" decoding=\"async\" class=\"alignnone size-full wp-image-608\" src=\"http:\/\/www.stowarzyszeniedarserca.org.pl\/wp-content\/uploads\/2016\/01\/logo-DG.jpg\" alt=\"\" width=\"135\" height=\"90\" \/><\/a><\/p>\n<p><strong>,,Warsztaty wra\u017cliwo\u015bci\u201d\u00a0<\/strong><\/p>\n<p>Stowarzyszenie DAR SERCA od\u00a0 1 maja 2016 r. realizowa\u0142o kolejn\u0105 edycji\u00a0 projektu <strong>Warsztaty wra\u017cliwo\u015bci.<\/strong>\u00a0 \u00a0 \u00a0 \u00a0 \u00a0 \u00a0 \u00a0 \u00a0 \u00a0W ramach zadania odby\u0142y si\u0119 dzia\u0142ania edukacyjne rozwijaj\u0105ce uzdolnienia dzieci i m\u0142odzie\u017cy z rodzin o utrudnionym dost\u0119pie do kultury.<br \/>\nRealizacja programu obejmowa\u0142a\u00a0 cykl zaj\u0119\u0107 warsztatowych w ramach Klubu T\u0119gich G\u0142\u00f3w, rozwijaj\u0105cych zdolno\u015bci i my\u015blenie tw\u00f3rcze ka\u017cdego dziecka. Uczestnik\u00f3w projektu zaprosili\u015bmy\u00a0 tak\u017ce do udzia\u0142u\u00a0 w\u00a0 zaj\u0119ciach\u00a0 rozwijaj\u0105cych zainteresowania i pasje np. warsztaty teatralne, interaktywne audycje muzyczne, warsztaty plastyczne .Podsumowaniem projektu by\u0142a\u00a0 Gala Talent\u00f3w.<br \/>\n<em>\u0179r\u00f3d\u0142o finansowania:<\/em> \u00a0Projekt finansowany by\u0142 przy udziale \u015brodk\u00f3w Urz\u0119du Miejskiego \u00a0w D\u0105browie \u00a0G\u00f3rniczej, \u015brodk\u00f3w w\u0142asnych pozyskanych w ramach 1% i darowizn.<\/p>\n<p><a href=\"http:\/\/www.stowarzyszeniedarserca.org.pl\/wp-content\/uploads\/2016\/01\/urzad.png\"><img loading=\"lazy\" decoding=\"async\" class=\"alignnone wp-image-610\" src=\"http:\/\/www.stowarzyszeniedarserca.org.pl\/wp-content\/uploads\/2016\/01\/urzad.png\" alt=\"\" width=\"88\" height=\"88\" srcset=\"http:\/\/www.stowarzyszeniedarserca.org.pl\/wp-content\/uploads\/2016\/01\/urzad.png 225w, http:\/\/www.stowarzyszeniedarserca.org.pl\/wp-content\/uploads\/2016\/01\/urzad-150x150.png 150w\" sizes=\"auto, (max-width: 88px) 100vw, 88px\" \/><\/a> <a href=\"http:\/\/www.stowarzyszeniedarserca.org.pl\/wp-content\/uploads\/2016\/01\/logo-DG.jpg\"><img loading=\"lazy\" decoding=\"async\" class=\"alignnone size-full wp-image-608\" src=\"http:\/\/www.stowarzyszeniedarserca.org.pl\/wp-content\/uploads\/2016\/01\/logo-DG.jpg\" alt=\"\" width=\"135\" height=\"90\" \/><\/a><\/p>\n<p><strong>\u00a0<\/strong><\/p>\n<p><strong>,, Czym skorupka za m\u0142odu nasi\u0105knie\u2026\u201d<\/strong><\/p>\n<p><strong>\u00a0<\/strong><\/p>\n<p>W czerwcu\u00a0 2016 r. rozpocz\u0119li\u015bmy\u00a0 realizacj\u0119 nowego projektu ,,Czym skorupka za m\u0142odu nasi\u0105knie\u2026kt\u00f3rego g\u0142\u00f3wne cele to: promowanie w\u015br\u00f3d dzieci i m\u0142odzie\u017cy zdrowego, trze\u017awego stylu \u017cycia bez \u015brodk\u00f3w psychoaktywnych i bez agresji, kszta\u0142towania postaw spo\u0142ecznych wolnych od przemocy, od uzale\u017cnie\u0144, , organizacja czasu wolnego dzieci i m\u0142odzie\u017cy.<\/p>\n<p>Dzia\u0142ania zaplanowane\u00a0 w ramach projektu adresowane by\u0142y do grupy\u00a0 oko\u0142o 60 os\u00f3b\u00a0 dzieci, ich rodzic\u00f3w do\u015bwiadczaj\u0105cych przemocy w rodzinie\u00a0\u00a0 z problemem alkoholowym, z rodzin\u00a0\u00a0 zagro\u017conych wykluczeniem spo\u0142ecznym\u00a0 o trudnej sytuacji materialnej z D\u0105browy G\u00f3rniczej, Sosnowca, B\u0119dzina oraz wolontariuszy zainteresowanych udzia\u0142em\u00a0 w projekcie.<\/p>\n<p>W ramach realizacji zadania ,,Czym skorupka za m\u0142odu nasi\u0105knie\u2026 zaplanowano dzia\u0142ania zar\u00f3wno dzia\u0142ania kulturalno \u2013 rekreacyjne\u00a0 jak\u00a0 i dzia\u0142ania edukacyjno-profilaktyczne.<\/p>\n<p>Podejmowane dzia\u0142ania\u00a0 zagospodarowywa\u0142y czas wolny dzieci z rodzin zagro\u017conych patologi\u0105, czyli stanowi\u0142y alternatyw\u0119 dla nudy, bezczynno\u015bci, bierno\u015bci, co pozwoli\u0142o wszystkim uczestnikom projektu aktywnie uczestniczy\u0107 w \u017cyciu spo\u0142ecznym, stworzy\u0142o wszystkim szans\u0119 rozwoju osobowo\u015bci i przyczyni\u0142o\u00a0 si\u0119 do samorealizacji uczestnik\u00f3w.<\/p>\n<p>W ramach realizacji zadania ,,Czym skorupka za m\u0142odu nasi\u0105knie\u2026zaplanowane cele zosta\u0142y osi\u0105gni\u0119te.<\/p>\n<p>Podejmowane\u00a0 dzia\u0142ania edukacyjne\u00a0 rozwija\u0142y\u00a0\u00a0 zainteresowania,\u00a0 pasje\u00a0 uzdolnienia dzieci \u00a0i m\u0142odzie\u017cy.<\/p>\n<p>Realizacja programu profilaktyczno-edukacyjnego na rzecz kszta\u0142towania postaw spo\u0142ecznych wolnych\u00a0 od przemocy \u00a0 \u00a0i uzale\u017cnie\u0144 w okresie 01.06.2016- 31.12.2016 r. obejmowa\u0142a:<\/p>\n<ul>\n<li>cykl zaj\u0119\u0107 warsztatowych \u201eAgresja -jest na ni\u0105 spos\u00f3b!\u201d<\/li>\n<li>cykl zaj\u0119\u0107 warsztatowych z zakresu profilaktyki uzale\u017cnie\u0144 wg bajki \u00a0 \u00a0,, Cukierki\u201d<\/li>\n<li>cykl warsztat\u00f3w plastycznych inspirowanych programami -\u201eAgresja- jest na ni\u0105 spos\u00f3b!\u201d \u00a0i\u00a0 bajk\u0105 ,,Cukierki<\/li>\n<li>cykl profilaktycznych warsztat\u00f3w teatralnych<\/li>\n<li>organizacj\u0119 wycieczek edukacyjnych.<\/li>\n<\/ul>\n<p>Podsumowanie realizacji projektu by\u0142a impreza integracyjna po\u0142\u0105czona z prezentacja przedstawienia, rozdaniem nagr\u00f3d i certyfikat\u00f3w<\/p>\n<p>Wszystkie zaplanowane formy aktywno\u015bci promowa\u0142y zdrowy styl \u017cycia, ukazywa\u0142y uczestnikom mo\u017cliwo\u015bci\u00a0 aktywnego sp\u0119dzania wolnego czasu.<\/p>\n<p><a href=\"http:\/\/www.stowarzyszeniedarserca.org.pl\/wp-content\/uploads\/2016\/01\/\u015aL\u0104SKIE-POZYTYWNA-ENERGAI.jpg\"><img loading=\"lazy\" decoding=\"async\" class=\"alignnone wp-image-615\" src=\"http:\/\/www.stowarzyszeniedarserca.org.pl\/wp-content\/uploads\/2016\/01\/\u015aL\u0104SKIE-POZYTYWNA-ENERGAI.jpg\" alt=\"\" width=\"125\" height=\"107\" srcset=\"http:\/\/www.stowarzyszeniedarserca.org.pl\/wp-content\/uploads\/2016\/01\/\u015aL\u0104SKIE-POZYTYWNA-ENERGAI.jpg 333w, http:\/\/www.stowarzyszeniedarserca.org.pl\/wp-content\/uploads\/2016\/01\/\u015aL\u0104SKIE-POZYTYWNA-ENERGAI-300x256.jpg 300w\" sizes=\"auto, (max-width: 125px) 100vw, 125px\" \/><\/a><\/p>\n<p><em>\u0179r\u00f3d\u0142o finansowania:<\/em>\u00a0 Projekt wsp\u00f3\u0142finansowany ze \u015brodk\u00f3w \u00a0Wojew\u00f3dztwa \u015al\u0105skiego<\/p>\n<p><strong>,,Akademia Rozmaito\u015bci\u201d<\/strong><\/p>\n<p>W lipcu 2016 r. rozpocz\u0119li\u015bmy\u00a0 realizacj\u0119 nowego projektu ,,Akademia Rozmaito\u015bci\u201d. W ramach realizacji zadania ,\u201d podejmowane by\u0142y dzia\u0142ania zar\u00f3wno dzia\u0142ania kulturalno \u2013 rekreacyjne\u00a0 jak \u00a0\u00a0\u00a0i dzia\u0142ania edukacyjne.<\/p>\n<p>Cele g\u0142\u00f3wne takie jak; promowanie w\u015br\u00f3d dzieci i m\u0142odzie\u017cy zdrowego, trze\u017awego stylu \u017cycia bez \u015brodk\u00f3w psychoaktywnych i bez agresji, kszta\u0142towanie postaw spo\u0142ecznych wolnych od przemocy , od uzale\u017cnie\u0144; rozwijanie zainteresowa\u0144 i pasji m\u0142odych ludzi; organizacja czasu wolnego dzieci i m\u0142odzie\u017cy zosta\u0142y w pe\u0142ni osi\u0105gni\u0119te.<\/p>\n<p>Realizacja programu w okresie 01.07.2016- 31.12.2016 r<strong>. <\/strong>obejmowa\u0142a:<\/p>\n<ul>\n<li>warsztaty plastyczne dla oko\u0142o 30 dzieci<\/li>\n<li>warsztaty biblioterapeutyczne dla oko\u0142o 20 dzieci.<\/li>\n<li>Warsztaty integracyjno- profilaktyczne ,,Razem mo\u017cemy wi\u0119cej\u201d \u2013oko\u0142o 60 dzieci<\/li>\n<li>interaktywne audycje muzyczne &#8211;\u00a0 koncerty interaktywne<\/li>\n<li>organizacj\u0119 wycieczki do teatru<\/li>\n<li>organizacj\u0119\u00a0 wycieczek edukacyjnych<\/li>\n<li>Gala Talent\u00f3w i wernisa\u017c prac podopiecznych<\/li>\n<\/ul>\n<p>Zaj\u0119cia inspirowa\u0142y\u00a0 dzieci do pracy tw\u00f3rczej jako alternatywy sp\u0119dzania czasu wolnego.<\/p>\n<p>Uczestnicy\u00a0 zaj\u0119\u0107 zaplanowanych w projekcie\u00a0 podzieleni byli\u00a0 na\u00a0\u00a0 zespo\u0142y zainteresowa\u0144, \u00a0 w kt\u00f3rych\u00a0 mogli rozwija\u0107 swoje pasje, uzdolnienia i doskonali\u0107 umiej\u0119tno\u015bci.<\/p>\n<p><em>\u0179r\u00f3d\u0142o finansowania:<\/em>\u00a0 Projekt wsp\u00f3\u0142finansowany ze\u00a0\u015brodk\u00f3w \u00a0\u015al\u0105skiego Urz\u0119du Wojew\u00f3dzkiego.<\/p>\n<p><img loading=\"lazy\" decoding=\"async\" class=\"alignnone wp-image-612\" src=\"http:\/\/www.stowarzyszeniedarserca.org.pl\/wp-content\/uploads\/2016\/01\/suw.jpg\" alt=\"\" width=\"136\" height=\"76\" \/><\/p>\n<p><b>Projekty realizowane w 2015 r.<\/b><\/p>\n<p><b>,,\u015awietlica \u015brodowiskowa<\/b><span style=\"font-weight: 400;\"> Kraina Przyja\u017ani \u00a0<\/span><b>\u201d <\/b><span style=\"font-weight: 400;\">\u00a0\u2013 ul. Karola \u00a0Adamieckiego 12\u00a0 \u00a0w D\u0105browie G\u00f3rniczej. Opiek\u0105 \u015bwietlicy \u015brodowiskowej\u00a0 KRAINA PRZYJA\u0179NI\u00a0 obj\u0119te by\u0142y dzieci w wieku od 6 do 16 lat . \u015awietlica zapewnia\u0142a \u00a0podopiecznym opiek\u0119 i wychowanie, pomoc \u00a0\u00a0\u00a0\u00a0\u00a0\u00a0\u00a0\u00a0\u00a0\u00a0\u00a0\u00a0\u00a0\u00a0\u00a0\u00a0\u00a0\u00a0\u00a0\u00a0w nauce, organizacj\u0119 czasu wolnego, wycieczki turystyczne i zaj\u0119cia sportowe oraz rozw\u00f3j zainteresowa\u0144. Zaj\u0119cia by\u0142y organizowane w spos\u00f3b ci\u0105g\u0142y. W \u015bwietlicy stworzyli\u015bmy warunki do wyr\u00f3wnywania zaleg\u0142o\u015bci szkolnych i rozwoju mo\u017cliwo\u015bci dzieci. Zorganizowane zosta\u0142y \u00a0zaj\u0119cia korekcyjno \u2013 kompensacyjne wyr\u00f3wnuj\u0105ce deficyty rozwojowe.<\/span><\/p>\n<p><i><span style=\"font-weight: 400;\">\u0179r\u00f3d\u0142o finansowania:<\/span><\/i><span style=\"font-weight: 400;\"> Projekt finansowany by\u0142 przy udziale \u015brodk\u00f3w Urz\u0119du Miejskiego \u00a0w D\u0105browie G\u00f3rniczej, Polskiej Akcji Humanitarnej \u00a0i \u015brodk\u00f3w w\u0142asnych pozyskanych \u00a0 w ramach 1% i darowizn.<\/span><\/p>\n<p><b>,,Zimowa Akademia Rozmaito\u015bci\u201d<\/b><span style=\"font-weight: 400;\"> \u00a0<\/span><\/p>\n<p><span style=\"font-weight: 400;\">G\u0142\u00f3wnym celem projektu by\u0142o propagowanie zami\u0142owania do aktywnego sp\u0119dzania wolnego czasu \u00a0jako alternatywy dla nudy i bezczynno\u015bci oraz konstruktywne zorganizowanie dzieciom warunk\u00f3w bezpiecznego sp\u0119dzania czasu wolnego podczas ferii zimowych. \u00a0\u00a0\u00a0\u00a0\u00a0\u00a0\u00a0\u00a0\u00a0\u00a0\u00a0\u00a0\u00a0\u00a0\u00a0\u00a0\u00a0\u00a0\u00a0\u00a0\u00a0\u00a0\u00a0\u00a0\u00a0\u00a0\u00a0<\/span><\/p>\n<p><span style=\"font-weight: 400;\">W proponowanych w projekcie zaj\u0119ciach wzi\u0119\u0142o udzia\u0142 oko\u0142o 90 dzieci w wieku 6-16 lat \u00a0 z D\u0105browy G\u00f3rniczej obj\u0119tych opiek\u0105 Stowarzyszenia. Udzia\u0142 w proponowanych formach aktywno\u015bci dostarczy\u0142 uczestnikom pozytywne bod\u017ace do prawid\u0142owego rozwoju psychospo\u0142ecznego oraz wzmocni\u0142 w nich istniej\u0105cy \u00a0potencja\u0142.<\/span><\/p>\n<p><i><span style=\"font-weight: 400;\">\u0179r\u00f3d\u0142o finansowania:<\/span><\/i><span style=\"font-weight: 400;\"> \u00a0Projekt finansowany by\u0142 przy udziale \u015brodk\u00f3w Urz\u0119du Miejskiego \u00a0w D\u0105browie \u00a0G\u00f3rniczej, \u015brodk\u00f3w w\u0142asnych pozyskanych w ramach 1% i darowizn.<\/span><\/p>\n<p><b>,,Wakacyjna Akademia Rozmaito\u015bci\u201d<\/b><\/p>\n<p><span style=\"font-weight: 400;\">W projekcie wzi\u0119\u0142o udzia\u0142 106 dzieci w wieku 6-16 lat \u00a0z terenu D\u0105browy G\u00f3rniczej \u00a0 \u00a0z dzielnic Go\u0142on\u00f3g, Centrum. \u00a0G\u0142\u00f3wnym celem by\u0142o propagowanie zami\u0142owania do aktywnego sp\u0119dzania wolnego czasu \u00a0jako alternatywy dla nudy i bezczynno\u015bci oraz konstruktywne zorganizowanie dzieciom warunk\u00f3w bezpiecznego sp\u0119dzania czasu wolnego podczas \u00a0wakacji.<\/span><\/p>\n<p><span style=\"font-weight: 400;\">Udzia\u0142 w zaj\u0119ciach sportowych, artystycznych, wycieczkach edukacyjnych, spotkaniach \u00a0z ciekawymi lud\u017ami wzbogaca umys\u0142y dzieci i uwra\u017cliwia je\u00a0 na pi\u0119kno i tajemniczo\u015b\u0107 otaczaj\u0105cego \u015bwiata.<\/span><\/p>\n<p><i><span style=\"font-weight: 400;\">\u0179r\u00f3d\u0142o finansowania:<\/span><\/i><span style=\"font-weight: 400;\"> \u00a0Projekt finansowany by\u0142 przy udziale \u015brodk\u00f3w Urz\u0119du Miejskiego \u00a0w D\u0105browie \u00a0G\u00f3rniczej, \u015brodk\u00f3w w\u0142asnych pozyskanych w ramach 1% i darowizn.<\/span><\/p>\n<p><b>,,Warsztaty wra\u017cliwo\u015bci\u201d\u00a0<\/b><span style=\"font-weight: 400;\">&#8211; Grup\u0119 docelow\u0105 projektu ,,Warsztaty wra\u017cliwo\u015bci\u201d, stanowi\u0142y\u00a0 dzieci\u00a0 obj\u0119te\u00a0 opiek\u0105 Stowarzyszenia. \u00a0G\u0142\u00f3wne cele to: rozwijanie zainteresowa\u0144 i pasji m\u0142odych ludzi, organizacja czasu wolnego dzieci \u00a0\u00a0\u00a0\u00a0\u00a0\u00a0\u00a0i m\u0142odzie\u017cy. W realizacji zadania wzi\u0119\u0142o udzia\u0142 ponad 60 dzieci w wieku 6-18 lat \u00a0\u00a0\u00a0z D\u0105browy G\u00f3rniczej , kt\u00f3re przejawia\u0142y te\u017c zdolno\u015bci artystyczne \u00a0i by\u0142y ciekawe otaczaj\u0105cego ich \u015bwiata. Dzieci rozwija\u0142y swoje zainteresowania w pracowniach tematycznych: teatralnej, plastycznej,\u00a0 uczestniczy\u0142y w interaktywnych audycjach muzycznych.<\/span><\/p>\n<p><i><span style=\"font-weight: 400;\">\u0179r\u00f3d\u0142o finansowania:<\/span><\/i><span style=\"font-weight: 400;\"> \u00a0Projekt finansowany by\u0142 przy udziale \u015brodk\u00f3w Urz\u0119du Miejskiego \u00a0 w D\u0105browie \u00a0G\u00f3rniczej, \u015brodk\u00f3w w\u0142asnych pozyskanych w ramach 1% i darowizn.<\/span><\/p>\n<p><b>,,Integracja mi\u0119dzypokoleniowa\u201d<\/b><span style=\"font-weight: 400;\"> Dzia\u0142ania zaplanowane w ramach projektu adresowane by\u0142y do grupy \u00a0oko\u0142o 60 os\u00f3b w \u00a0r\u00f3\u017cnym wieku, wykluczonych lub zagro\u017conych wykluczeniem spo\u0142ecznym, w tym os\u00f3b starszych. \u00a0G\u0142\u00f3wnym celem by\u0142o przeciwdzia\u0142anie wykluczeniu spo\u0142ecznemu r\u00f3\u017cnych grup wiekowych poprzez w\u0142\u0105czenie ich we wsp\u00f3ln\u0105 ofert\u0119 kulturaln\u0105, edukacyjn\u0105.<\/span><\/p>\n<p><i><span style=\"font-weight: 400;\">\u0179r\u00f3d\u0142o finansowania:<\/span><\/i><span style=\"font-weight: 400;\"> \u00a0Projekt finansowany by\u0142 przy udziale \u015brodk\u00f3w Regionalnego O\u015brodka Polityki Spo\u0142ecznej, \u015brodk\u00f3w w\u0142asnych pozyskanych w ramach 1% i darowizn.<\/span><\/p>\n<p><b>,, Akademia Zdrowego Dzieciaka\u201d<\/b><span style=\"font-weight: 400;\"> \u00a0Celem \u00a0projektu \u00a0by\u0142o \u00a0poszerzenie wiedzy na temat zdrowego trybu \u017cycia , w tym zdrowego od\u017cywiania \u00a0podopiecznych \u015bwietlicy \u015brodowiskowej KRAINA PRZYJA\u0179NI. Dzieci uczy\u0142y si\u0119 samodzielnego przygotowania zdrowych posi\u0142k\u00f3w. Pozna\u0142y \u00a0r\u00f3\u017cne rodzaje zi\u00f3\u0142 i ich zastosowanie w kuchni. Tworzy\u0142y \u015bwietlicow\u0105 ksi\u0105\u017ck\u0119 kucharsk\u0105. \u00a0\u00a0Realizacja projektu trwa\u0142a do VI 2015 r.<\/span><\/p>\n<p><i><span style=\"font-weight: 400;\">\u0179r\u00f3d\u0142o finansowania:<\/span><\/i><span style=\"font-weight: 400;\"> \u00a0Projekt finansowany by\u0142 przy udziale \u015brodk\u00f3w \u00a0Fundacji TESCO DZIECIOM \u00a0, \u015brodk\u00f3w w\u0142asnych pozyskanych w ramach 1% i darowizn<\/span><\/p>\n<p><b>Zbi\u00f3rka publiczna GRAJ I POMAGAJ. <\/b><span style=\"font-weight: 400;\">Celem zbi\u00f3rki \u00a0by\u0142o zebranie \u015brodk\u00f3w finansowych\u00a0 na pokrycie koszt\u00f3w wyjazd\u00f3w dzieci na ,,zielone szko\u0142y\u201d, z rodzin\u00a0 znajduj\u0105cych si\u0119 w trudnej sytuacji materialnej. <\/span><span style=\"font-weight: 400;\">Stowarzyszenie \u201eDar Serca\u201d w ramach <\/span><span style=\"font-weight: 400;\">zbi\u00f3rki publicznej\u00a0 zg\u0142oszonej w Ministerstwie Administracji i Cyfryzacji pod nr\u00a0 2014\/955\/OR\u00a0\u00a0 oraz darowizn otrzymanych na konto stowarzyszenia \u00a0zebrana zosta\u0142a kwota <\/span><span style=\"font-weight: 400;\">26.963,00.<\/span><\/p>\n<p><span style=\"font-weight: 400;\">Z dofinansowania skorzysta\u0142o \u00a049 dzieci <\/span><span style=\"font-weight: 400;\">z rodzin znajduj\u0105cych si\u0119 \u00a0w trudnej sytuacji, kt\u00f3re wraz z \u00a0klas\u0105 wyjecha\u0142o \u00a0w maju\/ czerwcu \u00a0\u00a0\u00a02015 r. na zielon\u0105 szko\u0142\u0119. <\/span><\/p>\n<p><span style=\"font-weight: 400;\">Od pa\u017adziernika 2015 r. realizujemy \u00a0kolejn\u0105 edycj\u0119 \u00a0zbi\u00f3rki <\/span><b>GRAJ I POMAGAJ.<\/b><\/p>\n","protected":false},"excerpt":{"rendered":"<p>Najwa\u017cniejsze realizowane projekty w 2021 r. :\u00a0 \u015awietlica \u015arodowiskowa KRAINA PRZYJA\u0179NI Akademia Rozmaito\u015bci PAJACYK Pajacykowa Sie\u0107 Pomocowa Najwa\u017cniejsze zrealizowane projekty\u2026<\/p>\n","protected":false},"author":1,"featured_media":0,"parent":0,"menu_order":0,"comment_status":"closed","ping_status":"closed","template":"","meta":{"footnotes":""},"class_list":["post-52","page","type-page","status-publish","hentry"],"_links":{"self":[{"href":"http:\/\/www.stowarzyszeniedarserca.org.pl\/index.php\/wp-json\/wp\/v2\/pages\/52","targetHints":{"allow":["GET"]}}],"collection":[{"href":"http:\/\/www.stowarzyszeniedarserca.org.pl\/index.php\/wp-json\/wp\/v2\/pages"}],"about":[{"href":"http:\/\/www.stowarzyszeniedarserca.org.pl\/index.php\/wp-json\/wp\/v2\/types\/page"}],"author":[{"embeddable":true,"href":"http:\/\/www.stowarzyszeniedarserca.org.pl\/index.php\/wp-json\/wp\/v2\/users\/1"}],"replies":[{"embeddable":true,"href":"http:\/\/www.stowarzyszeniedarserca.org.pl\/index.php\/wp-json\/wp\/v2\/comments?post=52"}],"version-history":[{"count":13,"href":"http:\/\/www.stowarzyszeniedarserca.org.pl\/index.php\/wp-json\/wp\/v2\/pages\/52\/revisions"}],"predecessor-version":[{"id":2399,"href":"http:\/\/www.stowarzyszeniedarserca.org.pl\/index.php\/wp-json\/wp\/v2\/pages\/52\/revisions\/2399"}],"wp:attachment":[{"href":"http:\/\/www.stowarzyszeniedarserca.org.pl\/index.php\/wp-json\/wp\/v2\/media?parent=52"}],"curies":[{"name":"wp","href":"https:\/\/api.w.org\/{rel}","templated":true}]}}