{"id":46,"date":"2016-01-10T23:47:29","date_gmt":"2016-01-10T22:47:29","guid":{"rendered":"http:\/\/www.stowarzyszeniedarserca.org.pl\/?page_id=46"},"modified":"2016-01-11T00:13:51","modified_gmt":"2016-01-10T23:13:51","slug":"statut","status":"publish","type":"page","link":"http:\/\/www.stowarzyszeniedarserca.org.pl\/index.php\/o-nas\/statut\/","title":{"rendered":"Statut"},"content":{"rendered":"<p>&nbsp;<\/p>\n<p style=\"text-align: center;\"><strong>STATUT<\/strong><\/p>\n<p style=\"text-align: center;\"><strong>STOWARZYSZENIA \u201eDAR SERCA\u201d<\/strong><\/p>\n<p style=\"text-align: center;\"><strong>ROZDZIA\u0141 I<\/strong><\/p>\n<p style=\"text-align: center;\"><strong>POSTANOWIENIA OG\u00d3LNE<\/strong><\/p>\n<p><strong>\u00a0<\/strong><\/p>\n<ul>\n<li><strong> 1<\/strong><\/li>\n<\/ul>\n<p><strong>\u00a0<\/strong><\/p>\n<p>1.Stowarzyszenie dzia\u0142a na podstawie przepis\u00f3w:<\/p>\n<ol>\n<li>a) ustawy z dnia 7 kwietnia 1989 r. Prawo o Stowarzyszeniach ( Dz.U. z 2001 r., Nr 79,\u00a0\u00a0 poz. 855\u00a0 z\u00a0 p\u00f3\u017an. zm.)<\/li>\n<li>b) ustawy o dzia\u0142alno\u015bci po\u017cytku publicznego i o wolontariacie z dnia 24.04.2003 r.( Dz.U.\u00a0\u00a0 Nr 96,\u00a0 poz. 873 i 874 z 2003 r. z\u00a0 p\u00f3\u017an. zm.).)<br \/>\nc) ustawy o rachunkowo\u015bci z dnia 29.09.1994 r. (Dz.U. Nr 121,\u00a0 poz. 591 z 1994 r.)<br \/>\nd) niniejszego statutu.<\/li>\n<\/ol>\n<p><strong>\u00a0<\/strong><\/p>\n<ul>\n<li><strong> 2<\/strong><\/li>\n<\/ul>\n<p>&nbsp;<\/p>\n<p>1.Stowarzyszenie nosi nazw\u0119: STOWARZYSZENIE \u201eDAR SERCA\u201d w dalszych<\/p>\n<p>postanowieniach statutu zwane Stowarzyszeniem.<\/p>\n<p>&nbsp;<\/p>\n<p>2.Siedzib\u0105 Stowarzyszenia jest miasto\u00a0 D\u0105browa G\u00f3rnicza. Terenem dzia\u0142ania\u00a0\u00a0\u00a0\u00a0\u00a0\u00a0\u00a0 jest Rzeczpospolita Polska.<\/p>\n<p>&nbsp;<\/p>\n<p>3<strong>.<\/strong>Stowarzyszenie jest zawi\u0105zane na czas nieograniczony. Posiada osobowo\u015b\u0107 prawn\u0105.<\/p>\n<p>&nbsp;<\/p>\n<p>4.Stowarzyszenie mo\u017ce nale\u017ce\u0107 do innych krajowych i mi\u0119dzynarodowych organizacji\u00a0\u00a0 o podobnych celach.<\/p>\n<p>&nbsp;<\/p>\n<ol start=\"5\">\n<li>Dzia\u0142alno\u015b\u0107 Stowarzyszenia oparta jest przede wszystkim na pracy spo\u0142ecznej cz\u0142onk\u00f3w.<\/li>\n<\/ol>\n<p>&nbsp;<\/p>\n<ol start=\"6\">\n<li>Do prowadzenia swych spraw stowarzyszenie mo\u017ce zatrudnia\u0107 pracownik\u00f3w.<\/li>\n<\/ol>\n<p>&nbsp;<\/p>\n<ol start=\"7\">\n<li>Stowarzyszenie nie prowadzi dzia\u0142alno\u015bci gospodarczej.<\/li>\n<\/ol>\n<p>&nbsp;<\/p>\n<ol start=\"7\">\n<li>Stowarzyszenie\u00a0 u\u017cywa piecz\u0119ci z napisem:<\/li>\n<\/ol>\n<p>STOWARZYSZENIE \u201eDAR SERCA\u201d.<\/p>\n<p>&nbsp;<\/p>\n<p><strong>ROZDZIA\u0141 II<\/strong><\/p>\n<p><strong>\u00a0<\/strong><\/p>\n<p><strong>CELE I \u015aRODKI DZIA\u0141ANIA<\/strong><\/p>\n<p><strong>\u00a0<\/strong><\/p>\n<ul>\n<li><strong> 1<\/strong><\/li>\n<\/ul>\n<p>&nbsp;<\/p>\n<p>1.Celem Stowarzyszenia jest:<\/p>\n<ol>\n<li>a)\u00a0\u00a0\u00a0\u00a0\u00a0\u00a0\u00a0\u00a0\u00a0\u00a0\u00a0 podejmowanie dzia\u0142a\u0144 z zakresu pomocy spo\u0142ecznej,<\/li>\n<li>b)\u00a0\u00a0\u00a0\u00a0\u00a0\u00a0\u00a0\u00a0\u00a0\u00a0\u00a0 dzia\u0142alno\u015b\u0107 charytatywna na rzecz\u00a0 rodzin i os\u00f3b znajduj\u0105cych si\u0119 w trudnej sytuacji \u017cyciowej\u00a0\u00a0\u00a0 a tak\u017ce wyr\u00f3wnywanie szans tych rodzin i os\u00f3b,<\/li>\n<li>c)\u00a0\u00a0\u00a0\u00a0\u00a0\u00a0\u00a0\u00a0\u00a0\u00a0\u00a0 dzia\u0142alno\u015b\u0107 charytatywna na rzecz dzieci i m\u0142odzie\u017cy z rodzin dysfunkcyjnych,<\/li>\n<li>d)\u00a0\u00a0\u00a0\u00a0\u00a0\u00a0\u00a0\u00a0\u00a0\u00a0\u00a0 prowadzenie dzia\u0142alno\u015bci opieku\u0144czo- wychowawczej w\u015br\u00f3d dzieci i m\u0142odzie\u017cy, r\u00f3wnie\u017c\u00a0 w\u015br\u00f3d dzieci niepe\u0142nosprawnych;<\/li>\n<li>e)\u00a0\u00a0\u00a0\u00a0\u00a0\u00a0\u00a0\u00a0\u00a0\u00a0\u00a0 przeciwdzia\u0142anie patologiom spo\u0142ecznym\u00a0 poprzez:<\/li>\n<\/ol>\n<p>&#8211; wspieranie indywidualnego rozwoju dzieci i m\u0142odzie\u017cy z rodzin zagro\u017conych\u00a0 patologi\u0105,<\/p>\n<p>&#8211; organizacj\u0119 krajoznawstwa i wypoczynku dla dzieci i m\u0142odzie\u017cy ze \u015brodowisk zagro\u017conych,<\/p>\n<p>&#8211;\u00a0\u00a0\u00a0\u00a0\u00a0\u00a0\u00a0\u00a0 upowszechnianie kultury fizycznej i sportu;<\/p>\n<ol>\n<li>f)\u00a0\u00a0\u00a0\u00a0\u00a0\u00a0\u00a0\u00a0\u00a0\u00a0\u00a0\u00a0\u00a0 podejmowanie dzia\u0142a\u0144 \u00a0na\u00a0rzecz przeciwdzia\u0142ania przemocy w\u00a0rodzinie;<\/li>\n<li>g)\u00a0\u00a0\u00a0\u00a0\u00a0\u00a0\u00a0\u00a0\u00a0\u00a0\u00a0 podejmowanie dzia\u0142a\u0144 o charakterze kulturalno- edukacyjnym;<\/li>\n<li>h)\u00a0\u00a0\u00a0\u00a0\u00a0\u00a0\u00a0\u00a0\u00a0\u00a0\u00a0 podejmowanie dzia\u0142a\u0144 o charakterze ekologicznym;<\/li>\n<li>i)\u00a0\u00a0\u00a0\u00a0\u00a0\u00a0\u00a0\u00a0\u00a0\u00a0\u00a0\u00a0\u00a0 ochrona i promocja zdrowia;<\/li>\n<li>j)\u00a0\u00a0\u00a0\u00a0\u00a0\u00a0\u00a0\u00a0\u00a0\u00a0\u00a0\u00a0\u00a0 upowszechnianie i ochrona wolno\u015bci i praw cz\u0142owieka oraz swob\u00f3d obywatelskich ;<\/li>\n<li>k)\u00a0\u00a0\u00a0\u00a0\u00a0\u00a0\u00a0\u00a0\u00a0\u00a0\u00a0 promocja i organizacja wolontariatu na rzecz os\u00f3b znajduj\u0105cych si\u0119 w trudnej sytuacji \u017cyciowej i zagro\u017conych ryzykiem socjalnym;<\/li>\n<li>l)\u00a0\u00a0\u00a0\u00a0\u00a0\u00a0\u00a0\u00a0\u00a0\u00a0\u00a0\u00a0\u00a0 upowszechnianie wolontariatu jako metody aktywizacji zawodowej i spo\u0142ecznej os\u00f3b\u00a0 znajduj\u0105cych si\u0119 w trudnych sytuacjach \u017cyciowych;<\/li>\n<li>m)\u00a0\u00a0\u00a0\u00a0\u00a0\u00a0\u00a0\u00a0\u00a0 promocja zatrudnienia i aktywno\u015bci zawodowej;<\/li>\n<li>n)\u00a0\u00a0\u00a0\u00a0\u00a0\u00a0\u00a0\u00a0\u00a0\u00a0\u00a0 \u00a0organizacja pomocy osobom niepe\u0142nosprawnym.<\/li>\n<\/ol>\n<p>&nbsp;<\/p>\n<ol start=\"2\">\n<li>Stowarzyszenie realizuje swe cele poprzez:<\/li>\n<li>a)\u00a0\u00a0\u00a0\u00a0\u00a0\u00a0\u00a0\u00a0\u00a0\u00a0\u00a0 akcje wychowawcze, projekty, seminaria, szkolenia, warsztaty, spotkania dzieci\u00a0\u00a0\u00a0\u00a0\u00a0\u00a0\u00a0\u00a0\u00a0\u00a0\u00a0\u00a0\u00a0\u00a0\u00a0\u00a0\u00a0\u00a0\u00a0\u00a0\u00a0\u00a0\u00a0\u00a0\u00a0\u00a0\u00a0\u00a0 i m\u0142odzie\u017cy oraz ich wychowawc\u00f3w i rodzic\u00f3w,<\/li>\n<li>b)\u00a0\u00a0\u00a0\u00a0\u00a0 opracowanie i wydawanie materia\u0142\u00f3w\u00a0 profilaktycznych i wychowawczych,<\/li>\n<li>c)\u00a0\u00a0\u00a0\u00a0\u00a0 prowadzenie poradnictwa psychologicznego i pedagogicznego,<\/li>\n<li>d)\u00a0\u00a0\u00a0\u00a0\u00a0 podnoszenie umiej\u0119tno\u015bci spo\u0142ecznych m\u0142odych ludzi,<\/li>\n<li>e)\u00a0\u00a0\u00a0\u00a0\u00a0 wspieranie rozwoju dzieci poprzez tworzenie plac\u00f3wek opieku\u0144czo-wychowawczych, w tym punkt\u00f3w przedszkolnych,\u00a0 przedszkoli, \u015bwietlic \u015brodowiskowych dla dzieci i m\u0142odzie\u017cy,<\/li>\n<li>f)\u00a0\u00a0\u00a0\u00a0\u00a0\u00a0\u00a0 tworzenie\u00a0 klub\u00f3w wsparcia dla\u00a0 os\u00f3b znajduj\u0105cych si\u0119 w trudnej sytuacji \u017cyciowej,<\/li>\n<li>g)\u00a0\u00a0\u00a0\u00a0\u00a0 prac\u0119 wychowawcz\u0105\u00a0 pozaszkoln\u0105, w tym organizacj\u0119 wypoczynku zimowego\u00a0\u00a0\u00a0\u00a0\u00a0\u00a0\u00a0\u00a0\u00a0\u00a0\u00a0\u00a0\u00a0\u00a0\u00a0\u00a0\u00a0\u00a0\u00a0\u00a0\u00a0\u00a0 i letniego,<\/li>\n<li>h)\u00a0\u00a0\u00a0\u00a0\u00a0 wspieranie i propagowanie dzia\u0142alno\u015bci\u00a0 edukacyjnej, kulturalnej i artystycznej,<\/li>\n<li>i)\u00a0\u00a0\u00a0\u00a0\u00a0\u00a0\u00a0 organizowanie imprez o charakterze historycznym, regionalnym, ekologicznym, poetycko- muzycznym, filozoficznym, prorodzinnym,\u00a0 prozdrowotnym, europejskim\u00a0\u00a0\u00a0\u00a0\u00a0\u00a0\u00a0\u00a0\u00a0\u00a0\u00a0\u00a0\u00a0\u00a0\u00a0\u00a0 w celu po\u017cytecznego sp\u0119dzania czasu wolnego przez dzieci i m\u0142odzie\u017c,<\/li>\n<li>j)\u00a0\u00a0\u00a0\u00a0\u00a0\u00a0\u00a0 tworzenie warunk\u00f3w dla edukacji pozaszkolnej oraz rozwijanie zainteresowa\u0144 i pasji m\u0142odych\u00a0\u00a0 ludzi;<\/li>\n<li>k)\u00a0\u00a0\u00a0\u00a0\u00a0 dzia\u0142alno\u015b\u0107 prewencyjna przeciwko przemocy wobec dzieci;<\/li>\n<li>l)\u00a0\u00a0\u00a0\u00a0\u00a0\u00a0\u00a0 wdra\u017canie idei instytucji europejskich oraz korzystanie ze \u015brodk\u00f3w\u00a0 pomocowych;<\/li>\n<\/ol>\n<p>\u0142)\u00a0\u00a0\u00a0\u00a0 organizowanie kurs\u00f3w, szkole\u0144, poradnictwa zawodowego dla os\u00f3b poszukuj\u0105cych pracy lub pragn\u0105cych podnie\u015b\u0107 swoje kwalifikacje;<\/p>\n<ol>\n<li>m)\u00a0\u00a0\u00a0 wspieranie dzia\u0142a\u0144 w\u0142adz samorz\u0105dowych, szk\u00f3\u0142, organizacji m\u0142odzie\u017cowych; spo\u0142ecznych\u00a0 i innych maj\u0105cych na celu popularyzacj\u0119 idei samorz\u0105dno\u015bci;<\/li>\n<li>n)\u00a0 podejmowanie inicjatyw o charakterze ekologicznym;<\/li>\n<li>o)\u00a0 wspieranie i organizowanie wymiany do\u015bwiadcze\u0144 edukacyjno &#8211; wychowawczych pomi\u0119dzy szko\u0142ami i organizacjami kraj\u00f3w Unii Europejskiej.<\/li>\n<\/ol>\n<p>&nbsp;<\/p>\n<ol start=\"3\">\n<li>Stowarzyszenie realizuje swoje cele poprzez prowadzenie nieodp\u0142atnej i odp\u0142atnej dzia\u0142alno\u015bci po\u017cytku publicznego.<\/li>\n<\/ol>\n<p>&nbsp;<\/p>\n<p>4.Stowarzyszenie prowadzi\u00a0 nieodp\u0142atn\u0105 dzia\u0142alno\u015b\u0107 po\u017cytku publicznego, w zakresie:<\/p>\n<ol>\n<li><strong>a)\u00a0\u00a0\u00a0\u00a0\u00a0 Dzia\u0142alno\u015b\u0107 pozosta\u0142ych organizacji cz\u0142onkowskich, gdzie indziej niesklasyfikowana<\/strong> (mi\u0119dzy innymi: tworzenie warunk\u00f3w dla realizowania , wspierania inicjatyw spo\u0142ecznych; wspieranie i propagowanie dzia\u0142alno\u015bci kulturalnej, rekreacyjnej, ekologicznej, tworzenie\u00a0 klub\u00f3w wsparcia dla\u00a0 os\u00f3b znajduj\u0105cych si\u0119 w trudnej sytuacji \u017cyciowej);<\/li>\n<li>b)\u00a0\u00a0\u00a0\u00a0\u00a0 <strong>Pozosta\u0142a pomoc spo\u0142eczna bez zakwaterowania, gdzie indziej niesklasyfikowana\u00a0 <\/strong>(mi\u0119dzy innymi : prowadzenie poradnictwa psychologicznego i pedagogicznego\u00a0 dla dzieci i m\u0142odzie\u017cy, dzia\u0142alno\u015b\u0107 prewencyjna przeciwko przemocy wobec dzieci , dzia\u0142alno\u015b\u0107 zwi\u0105zana\u00a0 z przystosowaniem zawodowym os\u00f3b bezrobotnych, dzia\u0142alno\u015b\u0107 charytatywna zwi\u0105zana ze zbieraniem funduszy na dzia\u0142alno\u015b\u0107 spo\u0142eczn\u0105);<\/li>\n<li>c)\u00a0\u00a0\u00a0\u00a0\u00a0 <strong>Pozosta\u0142a dzia\u0142alno\u015b\u0107 wydawnicza (<\/strong>opracowanie i wydawanie materia\u0142\u00f3w\u00a0 profilaktycznych\u00a0\u00a0 i wychowawczych);<\/li>\n<li><strong>d)\u00a0\u00a0\u00a0\u00a0\u00a0 Dzia\u0142alno\u015b\u0107 zwi\u0105zana z organizacj\u0105 targ\u00f3w, wystaw i kongres\u00f3w<\/strong> (mi\u0119dzy innymi :\u00a0 organizacja akcji wychowawczych, projekt\u00f3w, seminari\u00f3w, szkole\u0144, warsztat\u00f3w, spotka\u0144 dzieci\u00a0\u00a0\u00a0\u00a0 i m\u0142odzie\u017cy oraz ich wychowawc\u00f3w i rodzic\u00f3w);<\/li>\n<li>e)\u00a0\u00a0\u00a0\u00a0\u00a0 <strong>Pozaszkolne formy edukacji artystycznej <\/strong>( tworzenie warunk\u00f3w dla edukacji pozaszkolnej oraz rozwijanie zainteresowa\u0144 i pasji m\u0142odych ludzi &#8211; \u00a0mi\u0119dzy innymi :\u00a0 organizacja kurs\u00f3w\u00a0 i zaj\u0119\u0107 w zakresie sztuki, teatru oraz muzyki s\u0142u\u017c\u0105cych rozwojowi os\u00f3b z grup obj\u0119tych pomoc\u0105.);<\/li>\n<li>f)\u00a0\u00a0\u00a0\u00a0\u00a0\u00a0\u00a0 <strong>Dzia\u0142alno\u015b\u0107 wspomagaj\u0105ca edukacj\u0119 <\/strong>( doradztwo edukacyjno-zawodowe, dzia\u0142alno\u015b\u0107\u00a0\u00a0\u00a0\u00a0\u00a0\u00a0\u00a0\u00a0\u00a0\u00a0\u00a0\u00a0\u00a0\u00a0\u00a0\u00a0\u00a0\u00a0\u00a0\u00a0\u00a0\u00a0\u00a0\u00a0 w zakresie pomocy psychologiczno-pedagogicznej);<\/li>\n<li>g)\u00a0\u00a0\u00a0\u00a0\u00a0 <strong>Dzia\u0142alno\u015b\u0107 obiekt\u00f3w kulturalnych(<\/strong> dzia\u0142alno\u015b\u0107\u00a0 \u015bwietlic \u015brodowiskowych);<\/li>\n<li><strong>h)\u00a0\u00a0\u00a0\u00a0\u00a0 Dzia\u0142alno\u015b\u0107 organizator\u00f3w turystyki<\/strong> (upowszechnianie krajoznawstwa poprzez organizacj\u0119 imprez i wycieczek turystycznych);<\/li>\n<li>i)\u00a0\u00a0\u00a0\u00a0\u00a0\u00a0\u00a0 <strong>Obiekty noclegowe turystyczne i miejsca kr\u00f3tkotrwa\u0142ego zakwaterowania<\/strong> (Upowszechnianie wypoczynku dzieci i m\u0142odzie\u017cy poprzez organizowanie kolonii, zimowisk, oboz\u00f3w);<\/li>\n<li>j)\u00a0\u00a0\u00a0\u00a0\u00a0\u00a0\u00a0 <strong>Pozaszkolne formy edukacji sportowej oraz zaj\u0119\u0107 sportowych i rekreacyjnych<\/strong> (upowszechnianie kultury fizycznej i sportu);<\/li>\n<li>k)\u00a0\u00a0\u00a0\u00a0\u00a0 <strong>Opieka dzienna nad dzie\u0107mi ( <\/strong>organizacja opieki dziennej nad dzie\u0107mi r\u00f3wnie\u017c dzie\u0107mi\u00a0 niepe\u0142nosprawnymi);<\/li>\n<li>l)\u00a0\u00a0\u00a0\u00a0\u00a0\u00a0\u00a0 <strong>Wychowanie przedszkolne <\/strong>(wspieranie rozwoju dzieci poprzez organizacj\u0119 przedszkoli).<\/li>\n<\/ol>\n<p>&nbsp;<\/p>\n<p>5.Stowarzyszenie prowadzi\u00a0 odp\u0142atn\u0105 dzia\u0142alno\u015b\u0107 po\u017cytku publicznego, w zakresie:<\/p>\n<ol>\n<li>a)\u00a0\u00a0\u00a0\u00a0\u00a0 <strong>Obiekty noclegowe turystyczne i miejsca kr\u00f3tkotrwa\u0142ego zakwaterowania<\/strong> (Upowszechnianie wypoczynku dzieci i m\u0142odzie\u017cy poprzez organizowanie kolonii, zimowisk, oboz\u00f3w);<\/li>\n<li>b)\u00a0\u00a0\u00a0\u00a0\u00a0 <strong>Wychowanie przedszkolne <\/strong>(wspieranie rozwoju dzieci poprzez organizacj\u0119 przedszkoli);<\/li>\n<li>c)\u00a0\u00a0\u00a0\u00a0\u00a0 <strong>Pozaszkolne formy edukacji artystycznej <\/strong>( tworzenie warunk\u00f3w dla edukacji pozaszkolnej oraz rozwijanie zainteresowa\u0144 i pasji m\u0142odych ludzi &#8211; \u00a0mi\u0119dzy innymi :\u00a0 organizacja kurs\u00f3w\u00a0 i zaj\u0119\u0107 w zakresie sztuki, teatru oraz muzyki s\u0142u\u017c\u0105cych rozwojowi os\u00f3b z grup obj\u0119tych pomoc\u0105.);<\/li>\n<li>d)\u00a0\u00a0\u00a0\u00a0\u00a0 <strong>Dzia\u0142alno\u015b\u0107 wspomagaj\u0105ca edukacj\u0119 <\/strong>( doradztwo edukacyjno-zawodowe, dzia\u0142alno\u015b\u0107\u00a0\u00a0\u00a0\u00a0\u00a0\u00a0\u00a0\u00a0\u00a0\u00a0\u00a0\u00a0\u00a0\u00a0\u00a0\u00a0\u00a0\u00a0\u00a0\u00a0\u00a0\u00a0\u00a0\u00a0 w zakresie pomocy psychologiczno-pedagogicznej).<\/li>\n<\/ol>\n<p>&nbsp;<\/p>\n<ol start=\"6\">\n<li>Doch\u00f3d (nadwy\u017cka przychod\u00f3w nad kosztami) s\u0142u\u017cy wy\u0142\u0105cznie realizacji cel\u00f3w statutowych Stowarzyszenia i nie jest dzielony mi\u0119dzy cz\u0142onk\u00f3w Stowarzyszenia<\/li>\n<\/ol>\n<p>Doch\u00f3d z dzia\u0142alno\u015bci odp\u0142atnej po\u017cytku publicznego s\u0142u\u017cy wy\u0142\u0105cznie realizacji cel\u00f3w statutowych Stowarzyszenia i nie jest dzielony mi\u0119dzy cz\u0142onk\u00f3w Stowarzyszenia.<\/p>\n<p>&nbsp;<\/p>\n<p>&nbsp;<\/p>\n<p><strong>ROZDZIA\u0141 III<\/strong><\/p>\n<p><strong>CZ\u0141ONKOWIE \u2013 PRAWA I OBOWI\u0104ZKI<\/strong><\/p>\n<p>&nbsp;<\/p>\n<ul>\n<li><strong> 1<\/strong><\/li>\n<\/ul>\n<p>&nbsp;<\/p>\n<ol>\n<li>Cz\u0142onkiem Stowarzyszenia mo\u017ce by\u0107 ka\u017cdy obywatel Rzeczpospolitej Polskiej maj\u0105cy pe\u0142n\u0105 zdolno\u015b\u0107 do czynno\u015bci prawnych i nie pozbawiony praw publicznych.<\/li>\n<\/ol>\n<p>&nbsp;<\/p>\n<ol start=\"2\">\n<li>Cz\u0142onkostwo mog\u0105 uzyska\u0107 r\u00f3wnie\u017c cudzoziemcy maj\u0105cy miejsce zamieszkania na terytorium Rzeczypospolitej Polskiej.<\/li>\n<\/ol>\n<p>&nbsp;<\/p>\n<ol start=\"3\">\n<li>Jest ono otwarte dla wszystkich, kt\u00f3rzy podzielaj\u0105 idee Stowarzyszenia, bez wzgl\u0119du na ras\u0119, kolor sk\u00f3ry, religi\u0119, narodowo\u015b\u0107 czy pogl\u0105dy polityczne.<\/li>\n<\/ol>\n<p>&nbsp;<\/p>\n<ol start=\"4\">\n<li>W sk\u0142ad cz\u0142onk\u00f3w zwyczajnych przyjmuje kandydat\u00f3w &#8211; Zarz\u0105d Stowarzyszenia, na\u00a0 podstawie z\u0142o\u017conej pisemnej deklaracji, skierowanej do Zarz\u0105du. Decyzj\u0119 o przyj\u0119ciu\u00a0\u00a0 podejmuje Zarz\u0105d Stowarzyszenia.<\/li>\n<\/ol>\n<p>&nbsp;<\/p>\n<ol start=\"5\">\n<li>Cz\u0142onkowie dziel\u0105 si\u0119 na:<\/li>\n<\/ol>\n<ul>\n<li>zwyczajnych,<\/li>\n<li>wspieraj\u0105cych,<\/li>\n<li>honorowych.<\/li>\n<\/ul>\n<p>&nbsp;<\/p>\n<ol start=\"6\">\n<li>Cz\u0142onkiem zwyczajnym mo\u017ce zosta\u0107 osoba, kt\u00f3ra bierze czynny udzia\u0142 w pracach i dzia\u0142aniach Stowarzyszenia oraz op\u0142aca na bie\u017c\u0105co sk\u0142adki cz\u0142onkowskie.<\/li>\n<\/ol>\n<p>&nbsp;<\/p>\n<ul>\n<li><strong> 2<\/strong><\/li>\n<\/ul>\n<p>&nbsp;<\/p>\n<ol>\n<li>Cz\u0142onek zwyczajny ma prawo:<\/li>\n<\/ol>\n<ul>\n<li>g\u0142osowa\u0107 na Walnych Zebraniach Cz\u0142onk\u00f3w Stowarzyszenia;<\/li>\n<li>bra\u0107 czynny udzia\u0142 w pracach i dzia\u0142aniach Stowarzyszenia;<\/li>\n<li>wybiera\u0107 i by\u0107 wybieranym do w\u0142adz Stowarzyszenia.<\/li>\n<\/ul>\n<p>&nbsp;<\/p>\n<ol start=\"2\">\n<li>Cz\u0142onek zwyczajny jest zobowi\u0105zany do:<\/li>\n<\/ol>\n<ul>\n<li>brania czynnego udzia\u0142u w realizacji zada\u0144 Stowarzyszenia;<\/li>\n<li>przestrzegania postanowie\u0144 statutu i uchwa\u0142 w\u0142adz Stowarzyszenia;<\/li>\n<li>regularnego op\u0142acania sk\u0142adek cz\u0142onkowskich.<\/li>\n<\/ul>\n<p>&nbsp;<\/p>\n<ol start=\"3\">\n<li>Cz\u0142onkiem wspieraj\u0105cym mo\u017ce zosta\u0107 osoba fizyczna i prawna deklaruj\u0105ca pomoc finansow\u0105,\u00a0\u00a0\u00a0\u00a0\u00a0\u00a0\u00a0\u00a0\u00a0\u00a0\u00a0\u00a0 rzeczow\u0105 lub merytoryczn\u0105 w realizacji cel\u00f3w Stowarzyszenia.<\/li>\n<\/ol>\n<p>&nbsp;<\/p>\n<ol start=\"4\">\n<li>Cz\u0142onek wspieraj\u0105cy ma prawo:<\/li>\n<\/ol>\n<ul>\n<li>bra\u0107 czynny udzia\u0142 w pracach i dzia\u0142aniach Stowarzyszenia.<\/li>\n<\/ul>\n<p>&nbsp;<\/p>\n<ol start=\"5\">\n<li>Cz\u0142onek wspieraj\u0105cy jest zobowi\u0105zany do:<\/li>\n<\/ol>\n<ul>\n<li>przestrzegania postanowie\u0144 statutu i uchwa\u0142 w\u0142adz Stowarzyszenia;<\/li>\n<li>regularnego op\u0142acania sk\u0142adek cz\u0142onkowskich.<\/li>\n<\/ul>\n<p>&nbsp;<\/p>\n<p>6.Cz\u0142onkiem honorowym mo\u017ce zosta\u0107 osoba zamieszka\u0142a na terytorium Rzeczpospolitej Polskiej, a tak\u017ce cudzoziemiec nie posiadaj\u0105cy miejsca zamieszkania na jej terytorium, szczeg\u00f3lnie zas\u0142u\u017cony dla Stowarzyszenia.<\/p>\n<p>&nbsp;<\/p>\n<p>7.Godno\u015b\u0107 cz\u0142onka honorowego nadaje Walne Zebranie Cz\u0142onk\u00f3w na wniosek Zarz\u0105du.<\/p>\n<p>&nbsp;<\/p>\n<p>8.Cz\u0142onek honorowy ma prawo bra\u0107 czynny udzia\u0142 w pracach i dzia\u0142aniach Stowarzyszenia.<\/p>\n<p>&nbsp;<\/p>\n<p>9.Cz\u0142onek honorowy jest zobowi\u0105zany do przestrzegania postanowie\u0144 statutu i uchwa\u0142 w\u0142adz Stowarzyszenia.<\/p>\n<p>&nbsp;<\/p>\n<ol start=\"10\">\n<li>Cz\u0142onkowie wspieraj\u0105cy i honorowi mog\u0105 z g\u0142osem doradczym uczestniczy\u0107 w pracach w\u0142adz Stowarzyszenia.<\/li>\n<\/ol>\n<p>&nbsp;<\/p>\n<ol start=\"11\">\n<li>Cz\u0142onkowie honorowi s\u0105 zwolnieni ze sk\u0142adek cz\u0142onkowskich.<\/li>\n<\/ol>\n<p><strong>\u00a0<\/strong><\/p>\n<p><strong>\u00a0<\/strong><\/p>\n<ul>\n<li><strong> 3<\/strong><\/li>\n<\/ul>\n<p><strong>\u00a0<\/strong><\/p>\n<ol>\n<li>Utrata cz\u0142onkostwa nast\u0119puje na skutek:<\/li>\n<li>a) pisemnej rezygnacji z\u0142o\u017conej do Zarz\u0105du,<\/li>\n<li>b) wykluczenia przez Zarz\u0105d:<\/li>\n<\/ol>\n<ul>\n<li>z powodu \u0142amania statutu i nieprzestrzegania uchwa\u0142 w\u0142adz Stowarzyszenia,<\/li>\n<li>z powodu notorycznego nie brania udzia\u0142u w pracach Stowarzyszenia,<\/li>\n<li>z powodu nie p\u0142acenia sk\u0142adek przez okres roku,<\/li>\n<li>\u00a0\u00a0na pisemny wniosek\u00a0 1\/3 cz\u0142onk\u00f3w Stowarzyszenia<\/li>\n<\/ul>\n<ol>\n<li>c) utraty praw obywatelskich na mocy prawomocnego wyroku s\u0105du,<\/li>\n<li>d) \u015bmierci cz\u0142onka oraz utraty osobowo\u015bci prawnej przez osoby prawne.<\/li>\n<\/ol>\n<p>&nbsp;<\/p>\n<ol start=\"2\">\n<li>Od uchwa\u0142y Zarz\u0105du w sprawie przyj\u0119cia w poczet cz\u0142onk\u00f3w Stowarzyszenia lub pozbawienia cz\u0142onkostwa zainteresowanemu przys\u0142uguje odwo\u0142anie do Walnego Zebrania Cz\u0142onk\u00f3w.<\/li>\n<\/ol>\n<p><strong>\u00a0<\/strong><\/p>\n<p>&nbsp;<\/p>\n<p><strong>ROZDZIA\u0141 IV<\/strong><\/p>\n<p><strong>W\u0141ADZE STOWARZYSZENIA<\/strong><\/p>\n<p><strong>\u00a0<\/strong><\/p>\n<p><strong>\u00a0<\/strong><\/p>\n<ul>\n<li><strong> 1<\/strong><\/li>\n<\/ul>\n<p><strong>\u00a0<\/strong><\/p>\n<ol>\n<li>W\u0142adzami Stowarzyszenia s\u0105:<\/li>\n<li>a) Walne Zebranie Cz\u0142onk\u00f3w,<\/li>\n<li>b) Zarz\u0105d,<\/li>\n<li>c) Komisja Rewizyjna.<\/li>\n<\/ol>\n<p>&nbsp;<\/p>\n<p>2.Kadencja wszystkich w\u0142adz Stowarzyszenia trwa cztery\u00a0 lata a ich wyb\u00f3r\u00a0\u00a0\u00a0\u00a0\u00a0\u00a0odbywa si\u0119 w g\u0142osowaniu jawnym bezwzgl\u0119dn\u0105 wi\u0119kszo\u015bci\u0105 g\u0142os\u00f3w.<\/p>\n<p>&nbsp;<\/p>\n<ol start=\"3\">\n<li>Uchwa\u0142y wszystkich w\u0142adz Stowarzyszenia zapadaj\u0105 zwyk\u0142\u0105 wi\u0119kszo\u015bci\u0105 g\u0142os\u00f3w przy<\/li>\n<\/ol>\n<p>obecno\u015bci co najmniej po\u0142owy cz\u0142onk\u00f3w uprawnionych\u00a0 do\u00a0 g\u0142osowania.<\/p>\n<p>&nbsp;<\/p>\n<ol start=\"4\">\n<li>Cz\u0142onkowie w\u0142adz stowarzyszenia Komisji Rewizyjnej i Zarz\u0105du pe\u0142ni\u0105 swoje funkcje spo\u0142ecznie.<\/li>\n<\/ol>\n<p>&nbsp;<\/p>\n<ul>\n<li><strong> 2<\/strong><\/li>\n<\/ul>\n<p>&nbsp;<\/p>\n<p>1.Walne Zebranie Cz\u0142onk\u00f3w jest najwy\u017csz\u0105 w\u0142adz\u0105 Stowarzyszenia.\u00a0\u00a0\u00a0W Walnym Zebraniu Cz\u0142onk\u00f3w bior\u0105 udzia\u0142:<\/p>\n<ol>\n<li>a) z g\u0142osem stanowi\u0105cym \u2013 cz\u0142onkowie zwyczajni,<\/li>\n<li>b) z g\u0142osem doradczym \u2013 cz\u0142onkowie wspieraj\u0105cy, honorowi oraz zaproszeni go\u015bcie.<\/li>\n<\/ol>\n<p>&nbsp;<\/p>\n<ol start=\"2\">\n<li>Walne Zebranie Cz\u0142onk\u00f3w mo\u017ce by\u0107 zwyczajne i nadzwyczajne.<\/li>\n<\/ol>\n<p>&nbsp;<\/p>\n<ol start=\"3\">\n<li>Walne Zebranie Cz\u0142onk\u00f3w zwyczajne jest zwo\u0142ywane raz na rok\u00a0 przez Zarz\u0105d<\/li>\n<\/ol>\n<p>Stowarzyszenia. Termin i miejsce obrad Zarz\u0105d podaje do wiadomo\u015bci wszystkich cz\u0142onk\u00f3w\u00a0 co najmniej na 14 dni przed terminem zebrania.<\/p>\n<p>&nbsp;<\/p>\n<ol start=\"4\">\n<li>Walne Zebranie Cz\u0142onk\u00f3w nadzwyczajne mo\u017ce si\u0119 odby\u0107 w ka\u017cdym czasie. Jest\u00a0 zwo\u0142ywane przez Zarz\u0105d z jego inicjatywy, na wniosek Komisji Rewizyjnej lub pisemny wniosek co najmniej 1\/3 og\u00f3lnej liczby cz\u0142onk\u00f3w zwyczajnych Stowarzyszenia.<\/li>\n<\/ol>\n<p>&nbsp;<\/p>\n<ol start=\"5\">\n<li>Uchwa\u0142y Walnego Zebrania Cz\u0142onk\u00f3w Stowarzyszenia zapadaj\u0105 bezwzgl\u0119dn\u0105 wi\u0119kszo\u015bci\u0105<\/li>\n<\/ol>\n<p>g\u0142os\u00f3w w obecno\u015bci przynajmniej po\u0142owy og\u00f3lnej liczby cz\u0142onk\u00f3w. G\u0142osowanie jest jawne.<\/p>\n<p>&nbsp;<\/p>\n<ol start=\"6\">\n<li>Do kompetencji Walnego Zebrania Cz\u0142onk\u00f3w nale\u017cy:<\/li>\n<li>a) okre\u015blenie g\u0142\u00f3wnych kierunk\u00f3w dzia\u0142ania i rozwoju Stowarzyszenia,<\/li>\n<li>b) uchwalanie zmian statutu,<\/li>\n<li>c) wyb\u00f3r i odwo\u0142ywanie wszystkich w\u0142adz Stowarzyszenia,<\/li>\n<li>d) udzielanie Zarz\u0105dowi absolutorium na wniosek Komisji Rewizyjnej,<\/li>\n<li>e) rozpatrywanie sprawozda\u0144 z dzia\u0142alno\u015bci Zarz\u0105du i Komisji Rewizyjnej,<\/li>\n<li>f) uchwalanie bud\u017cetu,<\/li>\n<li>g) uchwalanie wysoko\u015bci sk\u0142adek cz\u0142onkowskich oraz wszystkich innych \u015bwiadcze\u0144 na<\/li>\n<\/ol>\n<p>rzecz Stowarzyszenia,<\/p>\n<ol>\n<li>h) uchwalanie czasowego lub trwa\u0142ego zwolnienia cz\u0142onka z obowi\u0105zku op\u0142acania sk\u0142adki<\/li>\n<li>i) podejmowanie uchwa\u0142 w sprawie przyj\u0119cia cz\u0142onka honorowego,<\/li>\n<li>j) rozpatrywanie i zatwierdzanie sprawozda\u0144 w\u0142adz Stowarzyszenia,<\/li>\n<li>k) rozpatrywanie wniosk\u00f3w i postulat\u00f3w zg\u0142oszonych przez cz\u0142onk\u00f3w Stowarzyszenia<\/li>\n<\/ol>\n<p>lub jego w\u0142adze,<\/p>\n<ol>\n<li>l) rozpatrywanie odwo\u0142a\u0144 od uchwa\u0142 Zarz\u0105du,<\/li>\n<\/ol>\n<p>\u0142) podejmowanie uchwa\u0142y o rozwi\u0105zaniu Stowarzyszenia i przeznaczeniu jego maj\u0105tku,<\/p>\n<ol>\n<li>m) podejmowanie uchwa\u0142 w ka\u017cdej sprawie wniesionej pod obrady, we wszystkich<\/li>\n<\/ol>\n<p>sprawach nie zastrze\u017conych do kompetencji innych w\u0142adz Stowarzyszenia.<\/p>\n<p><strong>\u00a0<\/strong><\/p>\n<p><strong>\u00a0<\/strong><\/p>\n<ul>\n<li><strong> 3<\/strong><\/li>\n<\/ul>\n<p>&nbsp;<\/p>\n<p>1.Zarz\u0105d jest powo\u0142any do kierowania ca\u0142\u0105 dzia\u0142alno\u015bci\u0105 Stowarzyszenia zgodnie\u00a0\u00a0\u00a0\u00a0\u00a0\u00a0 z uchwa\u0142ami Walnego Zebrania Cz\u0142onk\u00f3w i reprezentuje Stowarzyszenie na zewn\u0105trz.<\/p>\n<p>&nbsp;<\/p>\n<ol start=\"2\">\n<li>Zarz\u0105d sk\u0142ada si\u0119 z\u00a0 2\u00a0 do 4 os\u00f3b w tym: prezesa i wiceprezesa. Wybiera ich\u00a0 Walne Zebranie Cz\u0142onk\u00f3w\u00a0 spo\u015br\u00f3d swoich cz\u0142onk\u00f3w. Cz\u0142onkiem Zarz\u0105du nie mo\u017ce by\u0107 osoba, kt\u00f3ra by\u0142a skazana wyrokiem prawomocnym za przest\u0119pstwo umy\u015blne \u015bcigane z oskar\u017cenia publicznego lub przest\u0119pstwo skarbowe.<\/li>\n<\/ol>\n<p>&nbsp;<\/p>\n<ol start=\"3\">\n<li>Posiedzenia Zarz\u0105du odbywaj\u0105 si\u0119 w miar\u0119 potrzeb, nie rzadziej jednak ni\u017c raz na 3 miesi\u0105ce.<\/li>\n<\/ol>\n<p>Posiedzenia Zarz\u0105du zwo\u0142uje Prezes.<\/p>\n<p>&nbsp;<\/p>\n<ol start=\"4\">\n<li>Do kompetencji Zarz\u0105du nale\u017c\u0105:<\/li>\n<li>a) realizacja cel\u00f3w Stowarzyszenia,<\/li>\n<li>b) wykonywanie uchwa\u0142 Walnego Zebrania Cz\u0142onk\u00f3w,<\/li>\n<li>c) sporz\u0105dzanie plan\u00f3w pracy i bud\u017cetu,<\/li>\n<li>d) sprawowanie zarz\u0105du nad maj\u0105tkiem Stowarzyszenia,<\/li>\n<li>e) podejmowanie uchwa\u0142 o nabywaniu, zbywaniu lub obci\u0105\u017caniu maj\u0105tku Stowarzyszenia,<\/li>\n<li>f) reprezentowanie Stowarzyszenia na zewn\u0105trz,<\/li>\n<li>g) zwo\u0142ywanie Walnego Zebrania Cz\u0142onk\u00f3w,<\/li>\n<li>h) przyjmowanie i skre\u015blanie cz\u0142onk\u00f3w.<\/li>\n<\/ol>\n<p><strong>\u00a0<\/strong><\/p>\n<p><strong>\u00a0<\/strong><\/p>\n<ul>\n<li><strong> 4 <\/strong><\/li>\n<\/ul>\n<p>&nbsp;<\/p>\n<ol>\n<li>Komisja Rewizyjna jest organem nadzoru i kontroli wewn\u0119trznej Stowarzyszenia.<\/li>\n<\/ol>\n<p>&nbsp;<\/p>\n<ol start=\"2\">\n<li>Komisja Rewizyjna sk\u0142ada si\u0119 z 3 cz\u0142onk\u00f3w, kt\u00f3rzy wybieraj\u0105 mi\u0119dzy sob\u0105 przewodnicz\u0105cego.<\/li>\n<li>a) Komisja Rewizyjna odbywa posiedzenie przynajmniej raz w roku, kt\u00f3re zwo\u0142uje przewodnicz\u0105cy.<\/li>\n<\/ol>\n<p>3.Cz\u0142onkowie Komisji Rewizyjnej nie mog\u0105 jednocze\u015bnie pe\u0142ni\u0107 funkcji w Zarz\u0105dzie Stowarzyszenia, ani pozostawa\u0107 z nimi w zwi\u0105zku ma\u0142\u017ce\u0144skim, we wsp\u00f3lnym po\u017cyciu,\u00a0\u00a0\u00a0\u00a0\u00a0\u00a0\u00a0\u00a0\u00a0\u00a0\u00a0\u00a0\u00a0\u00a0\u00a0\u00a0\u00a0\u00a0\u00a0\u00a0\u00a0\u00a0\u00a0\u00a0\u00a0\u00a0\u00a0\u00a0\u00a0\u00a0 w stosunku pokrewie\u0144stwa, powinowactwa lub podleg\u0142o\u015bci s\u0142u\u017cbowej.<\/p>\n<p>4.Cz\u0142onkiem Komisji Rewizyjnej nie mo\u017ce by\u0107 osoba, kt\u00f3ra by\u0142a skazana wyrokiem prawomocnym za przest\u0119pstwo umy\u015blne \u015bcigane z oskar\u017cenia publicznego lub przest\u0119pstwo skarbowe.<\/p>\n<p>&nbsp;<\/p>\n<ol start=\"5\">\n<li>Do kompetencji Komisji Rewizyjnej nale\u017cy:<\/li>\n<li>a) kontrolowanie dzia\u0142alno\u015bci Stowarzyszenia,<\/li>\n<li>b) sk\u0142adanie wniosk\u00f3w z kontroli do Zarz\u0105du, kt\u00f3ry winien odpowiedzie\u0107 w terminie wyznaczonym,<\/li>\n<li>c) prawo wyst\u0105pienia z wnioskiem o zwo\u0142anie Walnego Zebrania Cz\u0142onk\u00f3w<\/li>\n<li>d) sk\u0142adanie wniosk\u00f3w o absolutorium dla cz\u0142onk\u00f3w Zarz\u0105du Stowarzyszenia,<\/li>\n<li>e) sk\u0142adanie sprawozda\u0144 ze swojej dzia\u0142alno\u015bci na Walnym Zebraniu Cz\u0142onk\u00f3w.<\/li>\n<\/ol>\n<p>6.W razie konieczno\u015bci uzupe\u0142nienia sk\u0142adu Zarz\u0105du lub Komisji Rewizyjnej w trakcie kadencji dokonuje tego Walne Zebranie\u00a0 Cz\u0142onk\u00f3w zgodnie z zasadami obowi\u0105zuj\u0105cymi przy wyborze cz\u0142onk\u00f3w obu organ\u00f3w.<\/p>\n<p>&nbsp;<\/p>\n<p>&nbsp;<\/p>\n<p><strong>ROZDZIA\u0141 V<\/strong><\/p>\n<p><strong>MAJ\u0104TEK I FUNDUSZE<\/strong><\/p>\n<p><strong>\u00a0<\/strong><\/p>\n<p><strong>\u00a0<\/strong><\/p>\n<ul>\n<li><strong> 1<\/strong><\/li>\n<\/ul>\n<p><strong>\u00a0<\/strong><\/p>\n<ol>\n<li>Maj\u0105tek Stowarzyszenia powstaje:<\/li>\n<li>a) ze sk\u0142adek cz\u0142onkowskich,<\/li>\n<li>b) darowizn, sponsoringu, spadk\u00f3w, zapis\u00f3w,<\/li>\n<li>c) dotacji i ofiarno\u015bci publicznej,<\/li>\n<li>d)\u00a0 zas\u0105dzonych nawi\u0105zek s\u0105dowych orzekanych przez s\u0105dy w sprawach karnych.<\/li>\n<\/ol>\n<p>&nbsp;<\/p>\n<ol start=\"2\">\n<li>Wszelkie \u015brodki pieni\u0119\u017cne mog\u0105 by\u0107 przechowywane na koncie i w kasie\u00a0 Stowarzyszenia.<\/li>\n<\/ol>\n<p>&nbsp;<\/p>\n<ol start=\"3\">\n<li>Stowarzyszenie prowadzi gospodark\u0119 finansow\u0105 zgodnie z obowi\u0105zuj\u0105cymi przepisami.<\/li>\n<\/ol>\n<p>&nbsp;<\/p>\n<ol start=\"4\">\n<li>Decyzje w sprawie nabywania, zbywania i obci\u0105\u017cania maj\u0105tku Stowarzyszenia podejmuje<\/li>\n<\/ol>\n<p>Zarz\u0105d.<\/p>\n<ol start=\"5\">\n<li>Do zawierania um\u00f3w, udzielania pe\u0142nomocnictwa i sk\u0142adania innych o\u015bwiadcze\u0144 woli\u00a0\u00a0\u00a0\u00a0\u00a0\u00a0\u00a0\u00a0\u00a0\u00a0\u00a0\u00a0\u00a0\u00a0\u00a0\u00a0\u00a0\u00a0\u00a0\u00a0\u00a0\u00a0\u00a0\u00a0 w szczeg\u00f3lno\u015bci w sprawach maj\u0105tkowych wymagane s\u0105 podpisy dw\u00f3ch cz\u0142onk\u00f3w Zarz\u0105du dzia\u0142aj\u0105cych \u0142\u0105cznie lub cz\u0142onka Zarz\u0105du i pe\u0142nomocnika.<\/li>\n<\/ol>\n<ul>\n<li><strong> 2<\/strong><\/li>\n<\/ul>\n<ol>\n<li>W ramach dzia\u0142alno\u015bci Stowarzyszenia zabrania si\u0119:<\/li>\n<li>a)\u00a0\u00a0\u00a0\u00a0\u00a0 udzielania po\u017cyczek lub zabezpieczania zobowi\u0105za\u0144 maj\u0105tkiem organizacji\u00a0\u00a0\u00a0\u00a0\u00a0\u00a0\u00a0\u00a0\u00a0\u00a0\u00a0\u00a0\u00a0\u00a0\u00a0\u00a0\u00a0\u00a0\u00a0\u00a0\u00a0\u00a0\u00a0\u00a0\u00a0\u00a0\u00a0 w stosunku do jej cz\u0142onk\u00f3w, cz\u0142onk\u00f3w organ\u00f3w lub pracownik\u00f3w oraz os\u00f3b,\u00a0\u00a0\u00a0\u00a0\u00a0\u00a0\u00a0\u00a0\u00a0\u00a0\u00a0\u00a0\u00a0\u00a0\u00a0\u00a0\u00a0\u00a0\u00a0\u00a0\u00a0\u00a0\u00a0\u00a0\u00a0\u00a0\u00a0\u00a0\u00a0\u00a0\u00a0\u00a0\u00a0\u00a0\u00a0 z kt\u00f3rymi cz\u0142onkowie, cz\u0142onkowie organ\u00f3w oraz pracownicy organizacji pozostaj\u0105 w zwi\u0105zku ma\u0142\u017ce\u0144skim, we wsp\u00f3lnym po\u017cyciu albo w stosunku pokrewie\u0144stwa lub powinowactwa w linii prostej, pokrewie\u0144stwa lub powinowactwa w linii bocznej do drugiego stopnia albo s\u0105 zwi\u0105zani z tytu\u0142u przysposobienia, opieki lub kurateli, zwanych dalej &#8222;osobami bliskimi&#8221;,<\/li>\n<li>b)\u00a0\u00a0\u00a0\u00a0\u00a0 przekazywania ich maj\u0105tku na rzecz ich cz\u0142onk\u00f3w, cz\u0142onk\u00f3w organ\u00f3w lub pracownik\u00f3w oraz ich os\u00f3b bliskich, na zasadach innych ni\u017c w stosunku do os\u00f3b trzecich, w szczeg\u00f3lno\u015bci, je\u017celi przekazanie to nast\u0119puje bezp\u0142atnie lub na preferencyjnych warunkach,<\/li>\n<li>c)\u00a0\u00a0\u00a0\u00a0\u00a0 wykorzystywania maj\u0105tku na rzecz cz\u0142onk\u00f3w, cz\u0142onk\u00f3w organ\u00f3w lub pracownik\u00f3w oraz ich os\u00f3b bliskich na zasadach innych ni\u017c w stosunku do os\u00f3b trzecich, chyba \u017ce to wykorzystanie bezpo\u015brednio wynika z celu statutowego,<\/li>\n<li>d)\u00a0\u00a0\u00a0\u00a0\u00a0 zakupu towar\u00f3w lub us\u0142ug od podmiot\u00f3w, w kt\u00f3rych uczestnicz\u0105 cz\u0142onkowie organizacji, cz\u0142onkowie jej organ\u00f3w lub pracownicy oraz ich os\u00f3b bliskich, na zasadach innych ni\u017c w stosunku do os\u00f3b trzecich lub po cenach wy\u017cszych ni\u017c rynkowe.<\/li>\n<\/ol>\n<p>&nbsp;<\/p>\n<p><strong>ROZDZIA\u0141 VI<\/strong><\/p>\n<p><strong>\u00a0<\/strong><\/p>\n<p><strong>POSTANOWIENIA KO\u0143COWE\u00a0 <\/strong><\/p>\n<p><strong>\u00a0<\/strong><\/p>\n<ul>\n<li><strong> 1<\/strong><\/li>\n<\/ul>\n<p><strong>\u00a0<\/strong><\/p>\n<ol>\n<li>Uchwa\u0142\u0119 w sprawie zmiany statutu oraz uchwa\u0142\u0119 o rozwi\u0105zaniu Stowarzyszenia<\/li>\n<\/ol>\n<p>podejmuje Walne Zebranie Cz\u0142onk\u00f3w kwalifikowan\u0105 wi\u0119kszo\u015bci\u0105 g\u0142os\u00f3w \u2013 (2\/3), przy obecno\u015bci co najmniej po\u0142owy uprawnionych do g\u0142osowania.<\/p>\n<p>&nbsp;<\/p>\n<ol start=\"2\">\n<li>Podejmuj\u0105c uchwa\u0142\u0119 o rozwi\u0105zaniu Stowarzyszenia Walne Zebranie Cz\u0142onk\u00f3w<\/li>\n<\/ol>\n<p>okre\u015bla spos\u00f3b jego likwidacji oraz przeznaczenie maj\u0105tku Stowarzyszenia.<\/p>\n<p>&nbsp;<\/p>\n<ol start=\"3\">\n<li>W sprawach nie uregulowanych w niniejszym statucie zastosowanie maj\u0105 przepisy ustawy<\/li>\n<\/ol>\n<p>Prawo o Stowarzyszeniach. oraz ustawy o dzia\u0142alno\u015bci po\u017cytku publicznego i o wolontariacie.<\/p>\n<p>&nbsp;<\/p>\n","protected":false},"excerpt":{"rendered":"<p>&nbsp; STATUT STOWARZYSZENIA \u201eDAR SERCA\u201d ROZDZIA\u0141 I POSTANOWIENIA OG\u00d3LNE \u00a0 1 \u00a0 1.Stowarzyszenie dzia\u0142a na podstawie przepis\u00f3w: a) ustawy z\u2026<\/p>\n","protected":false},"author":1,"featured_media":0,"parent":42,"menu_order":0,"comment_status":"closed","ping_status":"closed","template":"","meta":{"footnotes":""},"class_list":["post-46","page","type-page","status-publish","hentry"],"_links":{"self":[{"href":"http:\/\/www.stowarzyszeniedarserca.org.pl\/index.php\/wp-json\/wp\/v2\/pages\/46","targetHints":{"allow":["GET"]}}],"collection":[{"href":"http:\/\/www.stowarzyszeniedarserca.org.pl\/index.php\/wp-json\/wp\/v2\/pages"}],"about":[{"href":"http:\/\/www.stowarzyszeniedarserca.org.pl\/index.php\/wp-json\/wp\/v2\/types\/page"}],"author":[{"embeddable":true,"href":"http:\/\/www.stowarzyszeniedarserca.org.pl\/index.php\/wp-json\/wp\/v2\/users\/1"}],"replies":[{"embeddable":true,"href":"http:\/\/www.stowarzyszeniedarserca.org.pl\/index.php\/wp-json\/wp\/v2\/comments?post=46"}],"version-history":[{"count":1,"href":"http:\/\/www.stowarzyszeniedarserca.org.pl\/index.php\/wp-json\/wp\/v2\/pages\/46\/revisions"}],"predecessor-version":[{"id":47,"href":"http:\/\/www.stowarzyszeniedarserca.org.pl\/index.php\/wp-json\/wp\/v2\/pages\/46\/revisions\/47"}],"up":[{"embeddable":true,"href":"http:\/\/www.stowarzyszeniedarserca.org.pl\/index.php\/wp-json\/wp\/v2\/pages\/42"}],"wp:attachment":[{"href":"http:\/\/www.stowarzyszeniedarserca.org.pl\/index.php\/wp-json\/wp\/v2\/media?parent=46"}],"curies":[{"name":"wp","href":"https:\/\/api.w.org\/{rel}","templated":true}]}}