{"id":42,"date":"2016-01-10T23:40:12","date_gmt":"2016-01-10T22:40:12","guid":{"rendered":"http:\/\/www.stowarzyszeniedarserca.org.pl\/?page_id=42"},"modified":"2016-01-11T00:22:48","modified_gmt":"2016-01-10T23:22:48","slug":"o-nas","status":"publish","type":"page","link":"http:\/\/www.stowarzyszeniedarserca.org.pl\/index.php\/o-nas\/","title":{"rendered":"O nas"},"content":{"rendered":"<p style=\"text-align: center;\">NIP :6292391601<br \/>\nREGON :240886740<br \/>\nKRS:0000301248<\/p>\n<p style=\"text-align: center;\"><strong><a href=\"http:\/\/www.stowarzyszeniedarserca.org.pl\/index.php\/statut\/\" target=\"_blank\">Statut Stowarzyszenia<\/a><\/strong><\/p>\n<p style=\"text-align: center;\"><strong><a href=\"http:\/\/www.stowarzyszeniedarserca.org.pl\/index.php\/o-nas\/zarzad\/\">Zarz\u0105d\u00a0<\/a><\/strong><\/p>\n<p style=\"text-align: center;\">\n<p><strong><em>STOWARZYSZENIE ,,DAR SERCA\u201d<\/em><\/strong> powsta\u0142o w kwietniu 2008r.<\/p>\n<p>G\u0142\u00f3wne cele statutowe to:<\/p>\n<ul>\n<li>podejmowanie dzia\u0142a\u0144 z zakresu pomocy spo\u0142ecznej,<\/li>\n<li>dzia\u0142alno\u015b\u0107 charytatywna na rzecz rodzin i os\u00f3b znajduj\u0105cych si\u0119 w trudnej sytuacji \u017cyciowej \u00a0a tak\u017ce wyr\u00f3wnywanie szans tych rodzin i os\u00f3b,<\/li>\n<li>dzia\u0142alno\u015b\u0107 charytatywna na rzecz dzieci i m\u0142odzie\u017cy z rodzin dysfunkcyjnych,<\/li>\n<li>prowadzenie dzia\u0142alno\u015bci opieku\u0144czo- wychowawczej w\u015br\u00f3d dzieci i m\u0142odzie\u017cy,<\/li>\n<li>przeciwdzia\u0142anie patologiom spo\u0142ecznym \u00a0 \u00a0 \u00a0 \u00a0 \u00a0 poprzez:<\/li>\n<li>wspieranie indywidualnego rozwoju dzieci i m\u0142odzie\u017cy z rodzin zagro\u017conych patologi\u0105,<\/li>\n<li>organizacj\u0119 krajoznawstwa i wypoczynku dla dzieci i m\u0142odzie\u017cy ze \u015brodowisk zagro\u017conych,<\/li>\n<li>upowszechnianie kultury fizycznej i sportu.<\/li>\n<li>ochrona i promocja zdrowia ,<\/li>\n<li>podejmowanie dzia\u0142a\u0144 o charakterze kulturalno- edukacyjnym oraz ekologicznym,<\/li>\n<li>promocja i organizacja wolontariatu na rzecz os\u00f3b znajduj\u0105cych si\u0119 w trudnej sytuacji \u017cyciowej i zagro\u017conych ryzykiem socjalnym.<\/li>\n<\/ul>\n<p><strong><u> Najwa\u017cniejsze projekty\u00a0 zrealizowane\u00a0\u00a0 w 2014 r.:<\/u><\/strong><\/p>\n<p><strong> ,,\u015awietlica \u015brodowiskowa z programem profilaktycznym\u201d <\/strong> \u00a0\u2013 ul. Karola\u00a0 Adamieckiego 12\u00a0\u00a0 w D\u0105browie G\u00f3rniczej. Opiek\u0105 \u015bwietlicy \u015brodowiskowej\u00a0 KRAINA PRZYJA\u0179NI\u00a0 obj\u0119te by\u0142y dzieci w wieku od 6 do 18 lat . \u015awietlica zapewnia\u0142a\u00a0 podopiecznym opiek\u0119 i wychowanie, pomoc w nauce, organizacj\u0119 czasu wolnego, wycieczki turystyczne i zaj\u0119cia sportowe oraz rozw\u00f3j zainteresowa\u0144. Zaj\u0119cia by\u0142y organizowane w spos\u00f3b ci\u0105g\u0142y. W \u015bwietlicy stworzyli\u015bmy warunki do wyr\u00f3wnywania zaleg\u0142o\u015bci szkolnych i rozwoju mo\u017cliwo\u015bci dzieci. Zorganizowane zosta\u0142y\u00a0 zaj\u0119cia korekcyjno \u2013 kompensacyjne wyr\u00f3wnuj\u0105ce deficyty rozwojowe.<\/p>\n<p><em> \u0179r\u00f3d\u0142o finansowania:<\/em> Projekt finansowany by\u0142 przy udziale \u015brodk\u00f3w Urz\u0119du Miejskiego w D\u0105browie G\u00f3rniczej, Polskiej Akcji Humanitarnej \u00a0i \u015brodk\u00f3w w\u0142asnych pozyskanych\u00a0\u00a0 w ramach 1% i darowizn.<\/p>\n<p><strong> ,,Zimowa Akademia Rozmaito\u015bci\u201d<\/strong><\/p>\n<p>G\u0142\u00f3wnym celem projektu by\u0142o propagowanie zami\u0142owania do aktywnego sp\u0119dzania wolnego czasu\u00a0 jako alternatywy dla nudy i bezczynno\u015bci oraz konstruktywne zorganizowanie dzieciom warunk\u00f3w bezpiecznego sp\u0119dzania czasu wolnego podczas ferii zimowych.\u00a0W proponowanych w projekcie zaj\u0119ciach wzi\u0119\u0142o udzia\u0142 oko\u0142o 90 dzieci w wieku 6-18 lat \u00a0z D\u0105browy G\u00f3rniczej obj\u0119tych opiek\u0105 Stowarzyszenia. Udzia\u0142 w proponowanych formach aktywno\u015bci dostarczy\u0142 uczestnikom pozytywne bod\u017ace do prawid\u0142owego rozwoju psychospo\u0142ecznego oraz wzmocni\u0142 w nich istniej\u0105cy\u00a0 potencja\u0142.<\/p>\n<p><em> \u0179r\u00f3d\u0142o finansowania:<\/em> \u00a0Projekt finansowany by\u0142 przy udziale \u015brodk\u00f3w Urz\u0119du Miejskiego \u00a0w D\u0105browie \u00a0G\u00f3rniczej, \u015brodk\u00f3w w\u0142asnych pozyskanych w ramach 1% i darowizn.<\/p>\n<p>&nbsp;<\/p>\n<p><strong> ,,Wakacyjna Akademia Rozmaito\u015bci\u201d<\/strong><\/p>\n<p>W projekcie wzi\u0119\u0142o udzia\u0142 106 dzieci w wieku 6-18 lat\u00a0 z terenu D\u0105browy G\u00f3rniczej\u00a0 \u00a0\u00a0z dzielnic Go\u0142on\u00f3g, Centrum.\u00a0 G\u0142\u00f3wnym celem by\u0142o propagowanie zami\u0142owania do aktywnego sp\u0119dzania wolnego czasu\u00a0 jako alternatywy dla nudy i bezczynno\u015bci oraz konstruktywne zorganizowanie dzieciom warunk\u00f3w bezpiecznego sp\u0119dzania czasu wolnego podczas\u00a0 wakacji.<\/p>\n<p>Udzia\u0142 w zaj\u0119ciach sportowych, artystycznych, wycieczkach edukacyjnych, spotkaniach\u00a0\u00a0\u00a0 z ciekawymi lud\u017ami wzbogaca umys\u0142y dzieci i uwra\u017cliwia je\u00a0 na pi\u0119kno i tajemniczo\u015b\u0107 otaczaj\u0105cego \u015bwiata.<\/p>\n<p><em> \u0179r\u00f3d\u0142o finansowania:<\/em> \u00a0Projekt finansowany by\u0142 przy udziale \u015brodk\u00f3w Urz\u0119du Miejskiego \u00a0\u00a0w D\u0105browie \u00a0G\u00f3rniczej, \u015brodk\u00f3w w\u0142asnych pozyskanych w ramach 1% i darowizn.<\/p>\n<p>&nbsp;<\/p>\n<p><strong> ,,Warsztaty wra\u017cliwo\u015bci\u201d\u00a0<\/strong>&#8211; Grup\u0119 docelow\u0105 projektu ,,Warsztaty wra\u017cliwo\u015bci\u201d, stanowi\u0142y\u00a0 dzieci\u00a0 obj\u0119te\u00a0 opiek\u0105 Stowarzyszenia. \u00a0G\u0142\u00f3wne cele to: rozwijanie zainteresowa\u0144 i pasji m\u0142odych ludzi, organizacja czasu wolnego dzieci \u00a0\u00a0\u00a0\u00a0\u00a0\u00a0\u00a0i m\u0142odzie\u017cy. W realizacji zadania wzi\u0119\u0142o udzia\u0142 ponad 60 dzieci w wieku 6-18 lat \u00a0\u00a0\u00a0z D\u0105browy G\u00f3rniczej , kt\u00f3re przejawia\u0142y te\u017c zdolno\u015bci artystyczne\u00a0 \u00a0\u00a0\u00a0\u00a0\u00a0\u00a0\u00a0\u00a0\u00a0\u00a0\u00a0\u00a0\u00a0\u00a0\u00a0\u00a0\u00a0\u00a0\u00a0\u00a0\u00a0\u00a0i by\u0142y ciekawe otaczaj\u0105cego ich \u015bwiata. Dzieci rozwija\u0142y swoje zainteresowania w pracowniach tematycznych: teatralnej, plastycznej,\u00a0 uczestniczy\u0142y w interaktywnych audycjach muzycznych.<\/p>\n<p><em> \u0179r\u00f3d\u0142o finansowania:<\/em> \u00a0Projekt finansowany by\u0142 przy udziale \u015brodk\u00f3w Urz\u0119du Miejskiego w D\u0105browie \u00a0G\u00f3rniczej, \u015brodk\u00f3w w\u0142asnych pozyskanych w ramach 1% i darowizn.<\/p>\n<p><strong> \u00a0<\/strong><\/p>\n<p><strong> ,,Akademia Rozmaito\u015bci\u201d. <\/strong> Celem projektu by\u0142a organizacja zaj\u0119\u0107 pozaszkolnych s\u0142u\u017c\u0105cych nabyciu przez uczestnik\u00f3w projektu umiej\u0119tno\u015bci spo\u0142ecznych, umiej\u0119tno\u015bci radzenia sobie \u00a0\u00a0\u00a0\u00a0\u00a0\u00a0\u00a0\u00a0\u00a0\u00a0\u00a0\u00a0\u00a0\u00a0\u00a0\u00a0\u00a0\u00a0\u00a0\u00a0\u00a0\u00a0\u00a0\u00a0\u00a0z sytuacj\u0105 kryzysow\u0105. A przede wszystkim: promowanie w\u015br\u00f3d dzieci i m\u0142odzie\u017cy zdrowego, trze\u017awego stylu \u017cycia bez \u015brodk\u00f3w psychoaktywnych i bez agresji, kszta\u0142towanie postaw spo\u0142ecznych wolnych od przemocy, od uzale\u017cnie\u0144, rozwijanie zainteresowa\u0144 i pasji m\u0142odych ludzi, organizacja czasu wolnego dzieci\u00a0\u00a0\u00a0\u00a0 i m\u0142odzie\u017cy.<\/p>\n<p><em> \u0179r\u00f3d\u0142o finansowania:<\/em> \u00a0Projekt finansowany by\u0142 przy udziale \u015brodk\u00f3w Regionalnego O\u015brodka Polityki Spo\u0142ecznej, \u015brodk\u00f3w w\u0142asnych pozyskanych w ramach 1% i darowizn.<\/p>\n<p>&nbsp;<\/p>\n<p><strong> ,, Akademia Zdrowego Dzieciaka\u201d<\/strong>\u00a0 Celem\u00a0 projektu\u00a0 jest poszerzenie wiedzy na temat zdrowego trybu \u017cycia , w tym zdrowego od\u017cywiania\u00a0 podopiecznych \u015bwietlicy \u015brodowiskowej KRAINA PRZYJA\u0179NI. Dzieci uczy\u0142y si\u0119 samodzielnego przygotowania zdrowych posi\u0142k\u00f3w. Pozna\u0142y\u00a0 r\u00f3\u017cne rodzaje zi\u00f3\u0142 i ich zastosowanie w kuchni. Tworz\u0105 \u015bwietlicow\u0105 ksi\u0105\u017ck\u0119 kucharsk\u0105.\u00a0 \u00a0Realizacja projektu trwa od X 2014 r. do VI 2015 r.<\/p>\n<p><em> \u0179r\u00f3d\u0142o finansowania:<\/em> \u00a0Projekt finansowany by\u0142 przy udziale \u015brodk\u00f3w\u00a0 Fundacji TESCO DZIECIOM\u00a0 , \u015brodk\u00f3w w\u0142asnych pozyskanych w ramach 1% i darowizn<\/p>\n<p><strong> Zbi\u00f3rka publiczna. <\/strong> W okresie od 04.11.2013 r.- 30.04.2014 r., w oparciu o\u00a0 zezwolenie Prezydenta Miasta D\u0105browa\u00a0 nr WSO \u2013I.5311.8.2013, Stowarzyszenie ,,Dar Serca\u201d\u00a0 przeprowadzi\u0142o zbi\u00f3rk\u0119 publiczn\u0105 \u00a0\u00a0\u00a0w formie sprzeda\u017cy cegie\u0142ek oraz dobrowolnych wp\u0142at na konto za\u0142o\u017cone osobno dla\u00a0 zbi\u00f3rki publicznej. Celem zbi\u00f3rki by\u0142o\u00a0 zebranie \u015brodk\u00f3w finansowych na organizacj\u0119 wypoczynku dla dzieci.<\/p>\n<p><strong>Podczas zbi\u00f3rki zebrali\u015bmy\u00a0 kwot\u0119 10 615 z\u0142.<\/strong> \u015arodki\u00a0\u00a0 zosta\u0142y przeznaczone na dofinansowanie wyjazdu 18 d\u0105browskich dzieci na ,,zielone szko\u0142y\u201d z rodzin znajduj\u0105cych si\u0119 w trudnej sytuacji materialnej oraz\u00a0 na organizacj\u0119 wypoczynku dla dzieci w czasie wakacji.<\/p>\n<p>Od X 2014 r. do 30 IX 2015 r.\u00a0 prowadzimy kolejn\u0105 <strong>zbi\u00f3rk\u0119 publiczn\u0105 GRAJ\u00a0\u00a0\u00a0\u00a0I POMAGAJ,<\/strong> kt\u00f3ra \u00a0 zosta\u0142a zg\u0142oszona \u00a0w Ministerstwie Administracji i Cyfryzacji\u00a0\u00a0i otrzyma\u0142a\u00a0 nr\u00a0 <strong> 2014\/955\/OR .<\/strong> Celem zbi\u00f3rki jest zebranie \u015brodk\u00f3w finansowych\u00a0 na pokrycie koszt\u00f3w wyjazd\u00f3w dzieci na ,,zielone szko\u0142y\u201d, z rodzin\u00a0 znajduj\u0105cych si\u0119\u00a0\u00a0 w trudnej sytuacji materialnej.<\/p>\n","protected":false},"excerpt":{"rendered":"<p>NIP :6292391601 REGON :240886740 KRS:0000301248 Statut Stowarzyszenia Zarz\u0105d\u00a0 STOWARZYSZENIE ,,DAR SERCA\u201d powsta\u0142o w kwietniu 2008r. G\u0142\u00f3wne cele statutowe to: podejmowanie\u2026<\/p>\n","protected":false},"author":1,"featured_media":0,"parent":0,"menu_order":1,"comment_status":"closed","ping_status":"closed","template":"","meta":{"footnotes":""},"class_list":["post-42","page","type-page","status-publish","hentry"],"_links":{"self":[{"href":"http:\/\/www.stowarzyszeniedarserca.org.pl\/index.php\/wp-json\/wp\/v2\/pages\/42","targetHints":{"allow":["GET"]}}],"collection":[{"href":"http:\/\/www.stowarzyszeniedarserca.org.pl\/index.php\/wp-json\/wp\/v2\/pages"}],"about":[{"href":"http:\/\/www.stowarzyszeniedarserca.org.pl\/index.php\/wp-json\/wp\/v2\/types\/page"}],"author":[{"embeddable":true,"href":"http:\/\/www.stowarzyszeniedarserca.org.pl\/index.php\/wp-json\/wp\/v2\/users\/1"}],"replies":[{"embeddable":true,"href":"http:\/\/www.stowarzyszeniedarserca.org.pl\/index.php\/wp-json\/wp\/v2\/comments?post=42"}],"version-history":[{"count":4,"href":"http:\/\/www.stowarzyszeniedarserca.org.pl\/index.php\/wp-json\/wp\/v2\/pages\/42\/revisions"}],"predecessor-version":[{"id":74,"href":"http:\/\/www.stowarzyszeniedarserca.org.pl\/index.php\/wp-json\/wp\/v2\/pages\/42\/revisions\/74"}],"wp:attachment":[{"href":"http:\/\/www.stowarzyszeniedarserca.org.pl\/index.php\/wp-json\/wp\/v2\/media?parent=42"}],"curies":[{"name":"wp","href":"https:\/\/api.w.org\/{rel}","templated":true}]}}